{"id":77,"date":"2023-11-05T19:39:11","date_gmt":"2023-11-05T19:39:11","guid":{"rendered":"http:\/\/977.ablak.arnes.si\/?page_id=77"},"modified":"2026-01-14T13:48:43","modified_gmt":"2026-01-14T12:48:43","slug":"ekosola-kot-nacin-zivljenja","status":"publish","type":"page","link":"https:\/\/vrtec-sezana.si\/?page_id=77","title":{"rendered":"Eko\u0161ola kot na\u010din \u017eivljenja"},"content":{"rendered":"\n<div style=\"height:100px\" aria-hidden=\"true\" class=\"wp-block-spacer\"><\/div>\n\n\n\n<h2 class=\"wp-block-heading\">EKO\u0160OLA KOT NA\u010cIN \u017dIVLJENJA<\/h2>\n\n\n\n<div style=\"height:50px\" aria-hidden=\"true\" class=\"wp-block-spacer\"><\/div>\n\n\n\n<p>Mednarodni program Eko\u0161ola je najve\u010dja mre\u017ea otrok in vzgojiteljev ter u\u010diteljev, ki spodbuja sistemati\u010dno izvajanje okoljskih vsebin in udejanjanje na\u010del trajnostnega razvoja v izobra\u017eevalnih ustanovah. Vsebinsko bogate in zanimive aktivnosti so zasnovane tako, da jih je mogo\u010de izvajati kot sestavni del, kot dopolnitev ali kot popestritev na\u0161ega programa. Vrtec Se\u017eana je \u017ee pred 17 leti za svoje delovanje na podro\u010dju varovanja okolja pridobil zeleno<br>zastavo, certifikat ekovrtca.<\/p>\n\n\n\n<p>Ekoakcijski na\u010drt za \u0161olsko leto 2025 \u2013 2026 bo vseboval naslednje tematske sklope:<\/p>\n\n\n\n<p><strong>MLADI RAZISKOVALCI<\/strong><\/p>\n\n\n\n<p>OPAZOVANJE DE\u017dEVNIKA<\/p>\n\n\n\n<p>Otroci spremljajo, kako se premika, kam se skrije, kako reagira na svetlobo in vlago<\/p>\n\n\n\n<p>Z RAZISKOVANJEM DO ZNANJA IN POZITIVNEGA ODNOSA DO NARAVE<\/p>\n\n\n\n<p>Otroci bodo skozi raziskovanje gozda spoznavali naravo z neposredno izku\u0161njo in razvijali pozitiven odnos do okolja.<\/p>\n\n\n\n<p>V gozdu bomo opazovali rastline, \u017eivali in naravne materiale, jih tipali, vonjali, poslu\u0161ali in primerjali.<\/p>\n\n\n\n<p>Senzori\u010dne igre z naravnimi materiali (npr. zemlja, voda, mivka, kamen\u010dki, materiali v jesenskem koti\u010dku).<\/p>\n\n\n\n<p>JESENSKE BARVE IN LISTNE PLOSKVE<\/p>\n\n\n\n<p>Opazovanje jesenskih listov z vsemi \u010duti, nabiranje, razvr\u0161\u010danje, prirejanje, urejanje, barvanje, ustvarjanje, tiskanje z listi.<\/p>\n\n\n\n<p>Vodja: Melita \u0160vagelj<\/p>\n\n\n\n<p><strong>SEMENA IN VRTOVI<\/strong><\/p>\n\n\n\n<p>Sejanje razli\u010dnih semen v lonce in opazovanje ter skrb zanje.<\/p>\n\n\n\n<p>Poimenovanje delov rastline in \u017eivali, ki jih bomo na\u0161li in spoznali ob obisku na vrtu-sodelovanje s star\u0161i.<\/p>\n\n\n\n<p>Prebiranje pravljic s to vsebino.<\/p>\n\n\n\n<p>Iskanje informacij v strokovnih knjigah (pogovor o pogojih za uspe\u0161no rast rastlin).<\/p>\n\n\n\n<p>Obisk semenarne, iskanje vrtov v bli\u017eini vrtca, opazovanje.<\/p>\n\n\n\n<p>Uganke o rastlinah in \u017eivalih.<\/p>\n\n\n\n<p>Vodja: Jasna Tabar<\/p>\n\n\n\n<p><strong>Elementary GLOBE<\/strong><\/p>\n\n\n\n<p>Opazovanje in raziskovanje&nbsp; atmosfere (oblaki, temperatura) \u2013 otroci pomo\u010di odrasle osebe posve\u010dajo ve\u010djo pozornost vremenu in vremenskim pojavom, v jutranjem krogu, oziroma tekom dneva poimenujejo vremensko dogajanje in ga slikovno upodobijo na koledar.<\/p>\n\n\n\n<p>Vodja: Andrea Roberti<\/p>\n\n\n\n<p><strong>LEAF \u2013 ZNANJE O GOZDOVIH<\/strong><\/p>\n\n\n\n<p>Spoznavanje gozda v vseh letnih \u010dasih, kako se spreminja, kaj nam ponuja, kdo vse lahko \u017eivi v gozdu in kako se lahko tudi mi zabavamo v njem.<\/p>\n\n\n\n<p>Vodja: Andrea Roberti<\/p>\n\n\n\n<p><strong>OHRANJANJE BIOTSKE PESTROSTI IN SKRB ZA V<\/strong>ODO<\/p>\n\n\n\n<p>Raziskovanje vsega \u017eivega v ekosistemih, \u017eivljenje v kalu. Raziskovanje potoka.<\/p>\n\n\n\n<p>Skrb za ohranjanje \u010distih voda.<\/p>\n\n\n\n<p>Vodja: Jasna Tabar<\/p>\n\n\n\n<p><strong>ODPADKI \/ KRO\u017dNO GOSPODARSTVO<\/strong><\/p>\n\n\n\n<p>Razvr\u0161\u010danje odpadkov.<\/p>\n\n\n\n<p>Igra in ustvarjanje iz odpadnega materiala.<\/p>\n\n\n\n<p>Razstava z izdelki iz odpadnega materiala.<\/p>\n\n\n\n<p>\u010cistilna akcija v okolici vrtca.<\/p>\n\n\n\n<p>Vodja: Nu\u0161a \u017divec<\/p>\n\n\n\n<p><strong>HRANA<\/strong><\/p>\n\n\n\n<p>MLEKASTI\u010cNO \u2013 IZBEREM DOMA\u010cE<\/p>\n\n\n\n<p>Spoznavanje mle\u010dnih izdelkov, primerjava le teh, izdelava plakata, povezava projekta s tednom slovenske hrane.<\/p>\n\n\n\n<p>Vodja: Nada Ma\u010dinkovi\u0107<\/p>\n\n\n\n<p><strong>MISIJA ZELENI KORAK<\/strong>I<\/p>\n\n\n\n<p>Teden trajnostne mobilnost (16.9.- 22.9.2025)<\/p>\n\n\n\n<p>Izvedba igre Beli zaj\u010dek v skupini v sodelovanju s star\u0161i.<\/p>\n\n\n\n<p>Vodja: Jasna Tabar<\/p>\n\n\n\n<p><strong>EKOBRANJE ZA EKO\u017dIVLJENJE<\/strong><\/p>\n\n\n\n<p>Prebiranje literature z razli\u010dnimi ekolo\u0161ko obarvanimi temami.<\/p>\n\n\n\n<p>Spodbujanje vsakodnevnega branja pravljic med dnevno rutino.<\/p>\n\n\n\n<p>Knji\u017eni koti\u010dek, obiski knji\u017enice, gozd, terasa.<\/p>\n\n\n\n<p>Spodbujanje dru\u017einskega branja \u2013 bralni nahrbtnik.<\/p>\n\n\n\n<p>Vodja: Nada Ma\u010dinkovi\u0107<\/p>\n\n\n\n<p>Koordinatorka: Melita \u0160vagelj.<\/p>\n","protected":false},"excerpt":{"rendered":"<p>EKO\u0160OLA KOT NA\u010cIN \u017dIVLJENJA Mednarodni program Eko\u0161ola je najve\u010dja mre\u017ea otrok in vzgojiteljev ter u\u010diteljev, ki spodbuja sistemati\u010dno izvajanje okoljskih vsebin in udejanjanje na\u010del trajnostnega razvoja v izobra\u017eevalnih ustanovah. Vsebinsko bogate in zanimive aktivnosti so zasnovane tako, da jih je mogo\u010de izvajati&#8230;<\/p>\n","protected":false},"author":1,"featured_media":0,"parent":0,"menu_order":0,"comment_status":"closed","ping_status":"closed","template":"","meta":{"footnotes":""},"_links":{"self":[{"href":"https:\/\/vrtec-sezana.si\/index.php?rest_route=\/wp\/v2\/pages\/77"}],"collection":[{"href":"https:\/\/vrtec-sezana.si\/index.php?rest_route=\/wp\/v2\/pages"}],"about":[{"href":"https:\/\/vrtec-sezana.si\/index.php?rest_route=\/wp\/v2\/types\/page"}],"author":[{"embeddable":true,"href":"https:\/\/vrtec-sezana.si\/index.php?rest_route=\/wp\/v2\/users\/1"}],"replies":[{"embeddable":true,"href":"https:\/\/vrtec-sezana.si\/index.php?rest_route=%2Fwp%2Fv2%2Fcomments&post=77"}],"version-history":[{"count":13,"href":"https:\/\/vrtec-sezana.si\/index.php?rest_route=\/wp\/v2\/pages\/77\/revisions"}],"predecessor-version":[{"id":32472,"href":"https:\/\/vrtec-sezana.si\/index.php?rest_route=\/wp\/v2\/pages\/77\/revisions\/32472"}],"wp:attachment":[{"href":"https:\/\/vrtec-sezana.si\/index.php?rest_route=%2Fwp%2Fv2%2Fmedia&parent=77"}],"curies":[{"name":"wp","href":"https:\/\/api.w.org\/{rel}","templated":true}]}}