{"id":576,"date":"2023-11-12T12:18:32","date_gmt":"2023-11-12T11:18:32","guid":{"rendered":"http:\/\/977.ablak.arnes.si\/?page_id=576"},"modified":"2023-11-12T15:11:36","modified_gmt":"2023-11-12T14:11:36","slug":"eosnovni-podatki","status":"publish","type":"page","link":"https:\/\/vrtec-sezana.si\/?page_id=576","title":{"rendered":"OSNOVNI PODATKI"},"content":{"rendered":"\n<div class=\"wp-block-columns is-layout-flex wp-container-8 wp-block-columns-is-layout-flex\">\n<div class=\"wp-block-column is-layout-flow wp-block-column-is-layout-flow\" style=\"flex-basis:66.66%\">\n<div class=\"wp-block-columns is-layout-flex wp-container-2 wp-block-columns-is-layout-flex\">\n<div class=\"wp-block-column is-layout-flow wp-block-column-is-layout-flow\">\n<p><i class=\"fas fa-map-marker-alt\"><\/i> <strong>Ulica Jo\u017eeta Pahorja 1, 6210 SE\u017dANA<\/strong><\/p>\n<\/div>\n<\/div>\n\n\n\n<figure class=\"wp-block-table is-style-regular\"><table class=\"has-background\" style=\"background-color:#abb7c242\"><thead><tr><th><\/th><th>UPRAVA<\/th><\/tr><\/thead><tbody><tr><td><i class=\"fas fa-phone-volume\"><\/i><\/td><td>+386 (0) 5 731 02 20<br>+386 (0) 5 731 02 26<\/td><\/tr><tr><td><i class=\"fas fa-envelope\"><\/i><\/td><td>vrtec.sezana@guest.arnes.si<\/td><\/tr><tr><td><i class=\"fas fa-globe\"><\/i><\/td><td><a rel=\"noreferrer noopener\" href=\"https:\/\/www.vrtec-sezana.si\/\" target=\"_blank\">https:\/\/www.vrtec-sezana.si<\/a><\/td><\/tr><tr><td><i class=\"fas fa-clock\"><\/i><\/td><td>7:00 do 15:00<\/td><\/tr><tr><td>M\u0160:<\/td><td>&nbsp;5210437000<\/td><\/tr><tr><td>TRR:<\/td><td>SI56 011006008334360<\/td><\/tr><tr><td>ID za DDV:<\/td><td>SI 93785046<\/td><\/tr><\/tbody><\/table><\/figure>\n\n\n\n<div class=\"wp-block-columns is-layout-flex wp-container-5 wp-block-columns-is-layout-flex\">\n<div class=\"wp-block-column is-layout-flow wp-block-column-is-layout-flow\" style=\"flex-basis:66.66%\">\n<p>USTANOVITEV ZAVODA<\/p>\n\n\n\n<p>Ustanovitelji zavoda so Ob\u010dina Se\u017eana, Ob\u010dina Komen, Ob\u010dina Diva\u010da in Ob\u010dina Hrpelje-Kozina.<br>Odlok o ustanovitvi, je bil objavljen v Ur.l. RS \u0161t. 18\/1999, z dne 25.03.1999.<br>Odlok o spremembah in dopolnitvah Odloka o ustanovitvi javnega vzgojno-izobra\u017eevalnega zavoda Vrtec Se\u017eana je bil objavljen v Ur.l. RS \u0161t. 107\/2007 z dne 23.11.2007.<br>Odlok o spremembi Odloka o ustanovitvi javnega vzgojno-izobra\u017eevalnega zavoda Vrtec Se\u017eana je bil objavljen v Ur.l. RS \u0161t. 57\/2010 z dne 16.7.2010.<\/p>\n<\/div>\n\n\n\n<div class=\"wp-block-column is-layout-flow wp-block-column-is-layout-flow\" style=\"flex-basis:33.33%\">\n<figure class=\"wp-block-image size-full\"><img decoding=\"async\" loading=\"lazy\" width=\"800\" height=\"600\" src=\"http:\/\/977.ablak.arnes.si\/wp-content\/uploads\/2023\/11\/OpisSezana.jpg\" alt=\"\" class=\"wp-image-340\" srcset=\"https:\/\/vrtec-sezana.si\/wp-content\/uploads\/2023\/11\/OpisSezana.jpg 800w, https:\/\/vrtec-sezana.si\/wp-content\/uploads\/2023\/11\/OpisSezana-300x225.jpg 300w, https:\/\/vrtec-sezana.si\/wp-content\/uploads\/2023\/11\/OpisSezana-768x576.jpg 768w\" sizes=\"(max-width: 800px) 100vw, 800px\" \/><\/figure>\n<\/div>\n<\/div>\n<\/div>\n\n\n\n<div class=\"wp-block-column is-layout-flow wp-block-column-is-layout-flow\" style=\"flex-basis:33.33%\">\n<p>FOTOGALERIJE<\/p>\n\n\n\n<hr class=\"wp-block-separator has-alpha-channel-opacity is-style-wide\"\/>\n\n\n<ul class=\"wp-block-latest-posts__list has-dates wp-block-latest-posts\"><li><div class=\"wp-block-latest-posts__featured-image\"><img loading=\"lazy\" width=\"150\" height=\"150\" src=\"https:\/\/vrtec-sezana.si\/wp-content\/uploads\/2026\/04\/PESEM-P-150x150.png\" class=\"attachment-thumbnail size-thumbnail wp-post-image\" alt=\"\" decoding=\"async\" style=\"\" srcset=\"https:\/\/vrtec-sezana.si\/wp-content\/uploads\/2026\/04\/PESEM-P-150x150.png 150w, https:\/\/vrtec-sezana.si\/wp-content\/uploads\/2026\/04\/PESEM-P-400x403.png 400w\" sizes=\"(max-width: 150px) 100vw, 150px\" \/><\/div><a class=\"wp-block-latest-posts__post-title\" href=\"https:\/\/vrtec-sezana.si\/?p=35636\">PESEM POMLADI<\/a><time datetime=\"2026-04-21T06:31:45+01:00\" class=\"wp-block-latest-posts__post-date\">21.04.2026<\/time><\/li>\n<li><div class=\"wp-block-latest-posts__featured-image\"><img loading=\"lazy\" width=\"150\" height=\"150\" src=\"https:\/\/vrtec-sezana.si\/wp-content\/uploads\/2026\/04\/razstava-4-150x150.jpg\" class=\"attachment-thumbnail size-thumbnail wp-post-image\" alt=\"\" decoding=\"async\" style=\"\" \/><\/div><a class=\"wp-block-latest-posts__post-title\" href=\"https:\/\/vrtec-sezana.si\/?p=35499\">RAZSTAVA V KOSOVELOVI KNJI\u017dNJICI<\/a><time datetime=\"2026-04-14T10:45:01+01:00\" class=\"wp-block-latest-posts__post-date\">14.04.2026<\/time><\/li>\n<li><a class=\"wp-block-latest-posts__post-title\" href=\"https:\/\/vrtec-sezana.si\/?p=35490\">PRVOMAJSKE PO\u010cITNICE<\/a><time datetime=\"2026-04-14T06:45:20+01:00\" class=\"wp-block-latest-posts__post-date\">14.04.2026<\/time><\/li>\n<li><a class=\"wp-block-latest-posts__post-title\" href=\"https:\/\/vrtec-sezana.si\/?p=35180\">Cenik Vrtca Se\u017eana 1.4.2026<\/a><time datetime=\"2026-04-03T13:30:43+01:00\" class=\"wp-block-latest-posts__post-date\">03.04.2026<\/time><\/li>\n<li><div class=\"wp-block-latest-posts__featured-image\"><img loading=\"lazy\" width=\"150\" height=\"150\" src=\"https:\/\/vrtec-sezana.si\/wp-content\/uploads\/2026\/01\/Kopija-izdelka-Blue-and-Orange-Playful-Kindergarten-Graduation-Certificate-1-150x150.png\" class=\"attachment-thumbnail size-thumbnail wp-post-image\" alt=\"\" decoding=\"async\" style=\"\" \/><\/div><a class=\"wp-block-latest-posts__post-title\" href=\"https:\/\/vrtec-sezana.si\/?p=33057\">Vpis otrok v vrtec za \u0161olsko leto 2026\/2027<\/a><time datetime=\"2026-01-29T14:04:31+01:00\" class=\"wp-block-latest-posts__post-date\">29.01.2026<\/time><\/li>\n<\/ul><\/div>\n<\/div>\n\n\n\n<iframe src=\"https:\/\/www.google.com\/maps\/embed?pb=!1m18!1m12!1m3!1d2786.20407950365!2d13.863245576261876!3d45.706942571078955!2m3!1f0!2f0!3f0!3m2!1i1024!2i768!4f13.1!3m3!1m2!1s0x477b1577b4507ab7%3A0xa4d1c2e0bd58ad78!2sUlica%20Jo%C5%BEeta%20Pahorja%201%2C%206210%20Se%C5%BEana!5e0!3m2!1ssl!2ssi!4v1699787364839!5m2!1ssl!2ssi\" width=\"800\" height=\"600\" style=\"border:0;\" allowfullscreen=\"\" loading=\"lazy\" referrerpolicy=\"no-referrer-when-downgrade\"><\/iframe>\n","protected":false},"excerpt":{"rendered":"<p>Ulica Jo\u017eeta Pahorja 1, 6210 SE\u017dANA UPRAVA +386 (0) 5 731 02 20+386 (0) 5 731 02 26 vrtec.sezana@guest.arnes.si https:\/\/www.vrtec-sezana.si 7:00 do 15:00 M\u0160: &nbsp;5210437000 TRR: SI56 011006008334360 ID za DDV: SI 93785046 USTANOVITEV ZAVODA Ustanovitelji zavoda so Ob\u010dina Se\u017eana, Ob\u010dina Komen, \u2026 <a href=\"https:\/\/vrtec-sezana.si\/?page_id=576\" rel=\"noopener noreferrer\">Preberi ve\u010d<\/a><\/p>\n","protected":false},"author":1,"featured_media":245,"parent":0,"menu_order":0,"comment_status":"closed","ping_status":"closed","template":"","meta":{"footnotes":""},"_links":{"self":[{"href":"https:\/\/vrtec-sezana.si\/index.php?rest_route=\/wp\/v2\/pages\/576"}],"collection":[{"href":"https:\/\/vrtec-sezana.si\/index.php?rest_route=\/wp\/v2\/pages"}],"about":[{"href":"https:\/\/vrtec-sezana.si\/index.php?rest_route=\/wp\/v2\/types\/page"}],"author":[{"embeddable":true,"href":"https:\/\/vrtec-sezana.si\/index.php?rest_route=\/wp\/v2\/users\/1"}],"replies":[{"embeddable":true,"href":"https:\/\/vrtec-sezana.si\/index.php?rest_route=%2Fwp%2Fv2%2Fcomments&post=576"}],"version-history":[{"count":4,"href":"https:\/\/vrtec-sezana.si\/index.php?rest_route=\/wp\/v2\/pages\/576\/revisions"}],"predecessor-version":[{"id":582,"href":"https:\/\/vrtec-sezana.si\/index.php?rest_route=\/wp\/v2\/pages\/576\/revisions\/582"}],"wp:featuredmedia":[{"embeddable":true,"href":"https:\/\/vrtec-sezana.si\/index.php?rest_route=\/wp\/v2\/media\/245"}],"wp:attachment":[{"href":"https:\/\/vrtec-sezana.si\/index.php?rest_route=%2Fwp%2Fv2%2Fmedia&parent=576"}],"curies":[{"name":"wp","href":"https:\/\/api.w.org\/{rel}","templated":true}]}}