{"id":5000,"date":"2024-01-29T10:54:32","date_gmt":"2024-01-29T09:54:32","guid":{"rendered":"http:\/\/977.ablak.arnes.si\/?page_id=5000"},"modified":"2026-04-21T08:33:38","modified_gmt":"2026-04-21T07:33:38","slug":"svet-zavoda-2","status":"publish","type":"page","link":"https:\/\/vrtec-sezana.si\/?page_id=5000","title":{"rendered":"Svet zavoda"},"content":{"rendered":"\n<div style=\"height:100px\" aria-hidden=\"true\" class=\"wp-block-spacer\"><\/div>\n\n\n\n<h2 class=\"wp-block-heading\">SVET ZAVODA<\/h2>\n\n\n\n<div style=\"height:50px\" aria-hidden=\"true\" class=\"wp-block-spacer\"><\/div>\n\n\n\n<p>\u0160teje 11 \u010dlanov, tri predstavnike ustanoviteljev, pet predstavnikov delavcev vrtca in tri predstavnike star\u0161ev. Svet zavoda sprejema program razvoja, letni delovni na\u010drt, poro\u010dila o njegovi uresni\u010ditvi, finan\u010dni na\u010drt, zaklju\u010dni ra\u010dun, odlo\u010da o prito\u017ebah, imenuje in razre\u0161uje ravnatelja in drugo, kar dolo\u010da poslovnik.<\/p>\n\n\n\n<p>\u010clani sveta zavoda so:<\/p>\n\n\n\n<ul>\n<li>pet predstavnikov delavcev vrtca<\/li>\n\n\n\n<li>trije predstavniki star\u0161ev<\/li>\n\n\n\n<li>trije predstavniki ustanovitelja<\/li>\n<\/ul>\n\n\n\n<p>ZAPISNIKI:<\/p>\n\n\n\n<ol>\n<li><a href=\"https:\/\/vrtec-sezana.si\/wp-content\/uploads\/2026\/04\/9.-seja-sveta-zavoda.pdf\" data-type=\"attachment\" data-id=\"35645\" target=\"_blank\" rel=\"noreferrer noopener\">9.seja Sveta zavoda &#8211; 26.2.2026<\/a><\/li>\n\n\n\n<li><a href=\"https:\/\/vrtec-sezana.si\/wp-content\/uploads\/2026\/03\/Zapisnik-8.-seja-Sveta-zavoda-za-spletno-stran.pdf\" data-type=\"link\" data-id=\"https:\/\/vrtec-sezana.si\/wp-content\/uploads\/2026\/03\/Zapisnik-8.-seja-Sveta-zavoda-za-spletno-stran.pdf\">8.seja Sveta zavoda &#8211; 22.10.2026<\/a><\/li>\n\n\n\n<li>7<a href=\"https:\/\/vrtec-sezana.si\/wp-content\/uploads\/2025\/10\/Zapisnik-7.-seje-sveta-zavoda-Vrtca-Sezana.pdf\" data-type=\"link\" data-id=\"https:\/\/vrtec-sezana.si\/wp-content\/uploads\/2025\/10\/Zapisnik-7.-seje-sveta-zavoda-Vrtca-Sezana.pdf\">. korespo<\/a>nden\u010dna seja <a href=\"https:\/\/vrtec-sezana.si\/wp-content\/uploads\/2025\/10\/Zapisnik-7.-seje-sveta-zavoda-Vrtca-Sezana.pdf\" data-type=\"link\" data-id=\"https:\/\/vrtec-sezana.si\/wp-content\/uploads\/2025\/10\/Zapisnik-7.-seje-sveta-zavoda-Vrtca-Sezana.pdf\">sveta zavoda &#8211; 11.8.2025<\/a><\/li>\n\n\n\n<li><a href=\"https:\/\/vrtec-sezana.si\/wp-content\/uploads\/2025\/10\/Zapisnik-6.-seje.-spletdocx.pdf\" data-type=\"link\" data-id=\"https:\/\/vrtec-sezana.si\/wp-content\/uploads\/2025\/10\/Zapisnik-6.-seje.-spletdocx.pdf\">6. seja sveta zavoda &#8211; 26.5.2025<\/a><\/li>\n\n\n\n<li><a href=\"https:\/\/vrtec-sezana.si\/wp-content\/uploads\/2025\/06\/zapisnik-5-seje-\u2013splet.pdf\" data-type=\"link\" data-id=\"https:\/\/vrtec-sezana.si\/wp-content\/uploads\/2025\/06\/zapisnik-5-seje-\u2013splet.pdf\">5 koresponden\u010dna seja sveta zavoda-\u201331.3.2025<\/a> <\/li>\n\n\n\n<li><a href=\"https:\/\/vrtec-sezana.si\/wp-content\/uploads\/2025\/06\/Zapisnik-4-seje-\u2013-splet.pdf\" data-type=\"link\" data-id=\"https:\/\/vrtec-sezana.si\/wp-content\/uploads\/2025\/06\/Zapisnik-4-seje-\u2013-splet.pdf\">4. seja sveta zavoda &#8211; 20.2.2025<\/a><\/li>\n\n\n\n<li><a href=\"https:\/\/vrtec-sezana.si\/wp-content\/uploads\/2025\/03\/zapisnik-3.seje-korespondencne-splet-2.pdf\" data-type=\"link\" data-id=\"https:\/\/vrtec-sezana.si\/wp-content\/uploads\/2025\/03\/zapisnik-3.seje-korespondencne-splet.pdf\">3. koresponden\u010dna seja sveta zavoda &#8211; 17.12.2024<\/a><\/li>\n\n\n\n<li><a href=\"https:\/\/vrtec-sezana.si\/wp-content\/uploads\/2025\/03\/zapisnik-2.-seje-sveta-zavoda-splet.pdf\" data-type=\"link\" data-id=\"https:\/\/vrtec-sezana.si\/wp-content\/uploads\/2025\/03\/zapisnik-2.-seje-sveta-zavoda-splet.pdf\">2. seja sveta zavoda &#8211; 17.10.2024<\/a><\/li>\n\n\n\n<li><a href=\"https:\/\/vrtec-sezana.si\/wp-content\/uploads\/2024\/10\/ZAPISNIK-1.-SEJE-SVETA-ZAVODA-\u2013-kopija-1.pdf\">1. konstitutivna seja sveta zavoda &#8211; 11.6.2024<\/a><\/li>\n\n\n\n<li><a href=\"https:\/\/vrtec-sezana.si\/wp-content\/uploads\/2024\/06\/zapisnik-24.korespondencne-seje.pdf\" data-type=\"link\" data-id=\"https:\/\/vrtec-sezana.si\/wp-content\/uploads\/2024\/06\/zapisnik-24.korespondencne-seje.pdf\">24. koresponden\u010dna seja sveta zavoda &#8211; 28.5.2024<\/a><\/li>\n\n\n\n<li><a href=\"https:\/\/vrtec-sezana.si\/wp-content\/uploads\/2024\/05\/Zapisnik-23.-seje-sveta-zavoda-SPLET.pdf\" data-type=\"link\" data-id=\"https:\/\/vrtec-sezana.si\/wp-content\/uploads\/2024\/05\/Zapisnik-23.-seje-sveta-zavoda-SPLET.pdf\">23. seja sveta zavoda &#8211; 7.5.2024<\/a><\/li>\n\n\n\n<li><a href=\"https:\/\/vrtec-sezana.si\/wp-content\/uploads\/2024\/05\/zapisnik-22-seje-korespondencne-spletna-stran.pdf\">22. koresponden\u010dna seja sveta zavoda &#8211; 29.3.2024<\/a><\/li>\n\n\n\n<li><a href=\"https:\/\/vrtec-sezana.si\/wp-content\/uploads\/2024\/05\/zapisnik-21-seja-sveta-zavoda-spletna-stran.pdf\">21. seja sveta zavoda &#8211; 27.2.2024<\/a><\/li>\n\n\n\n<li><a rel=\"noreferrer noopener\" href=\"https:\/\/vrtec-sezana.si\/wp-content\/uploads\/2024\/03\/Zapisnik-20-seje-sveta-zavoda-SPLETNA-STRAN.pdf\" data-type=\"link\" data-id=\"https:\/\/vrtec-sezana.si\/wp-content\/uploads\/2024\/03\/Zapisnik-20-seje-sveta-zavoda-SPLETNA-STRAN.pdf\" target=\"_blank\"><mark style=\"background-color:rgba(0, 0, 0, 0);color:#1a97ab\" class=\"has-inline-color\">20. seja sveta zavoda &#8211; 7.11.2023<\/mark><\/a><\/li>\n\n\n\n<li><a rel=\"noreferrer noopener\" href=\"http:\/\/977.ablak.arnes.si\/wp-content\/uploads\/2024\/02\/ZAPISNIK-19.SEJE-SVETA-ZAVODA-samo-tocke.pdf\" target=\"_blank\"><mark style=\"background-color:rgba(0, 0, 0, 0);color:#1a97ab\" class=\"has-inline-color\">19. seja sveta zavoda \u2013 4.5.2023<\/mark><\/a><\/li>\n\n\n\n<li><a href=\"http:\/\/977.ablak.arnes.si\/wp-content\/uploads\/2024\/01\/zapisnik-SPLET.pdf\" target=\"_blank\" rel=\"noreferrer noopener\"><mark style=\"background-color:rgba(0, 0, 0, 0);color:#1a96aa\" class=\"has-inline-color\">18. koresponden\u010dna seja sveta zavoda \u2013 22.3.2023&nbsp;<\/mark><\/a><\/li>\n\n\n\n<li><a href=\"http:\/\/977.ablak.arnes.si\/wp-content\/uploads\/2024\/01\/zapisnik-splet2.pdf\" data-type=\"link\" data-id=\"http:\/\/977.ablak.arnes.si\/wp-content\/uploads\/2024\/01\/zapisnik-splet2.pdf\" target=\"_blank\" rel=\"noreferrer noopener\"><mark style=\"background-color:rgba(0, 0, 0, 0);color:#1a96aa\" class=\"has-inline-color\">17. seja sveta zavoda \u2013 27.2.2023&nbsp;<\/mark><\/a><\/li>\n\n\n\n<li><a href=\"http:\/\/977.ablak.arnes.si\/wp-content\/uploads\/2024\/01\/zapisnik-16.seje-sveta-zavoda-spletna-stran-.pdf\" data-type=\"link\" data-id=\"http:\/\/977.ablak.arnes.si\/wp-content\/uploads\/2024\/01\/zapisnik-16.seje-sveta-zavoda-spletna-stran-.pdf\" target=\"_blank\" rel=\"noreferrer noopener\"><mark style=\"background-color:rgba(0, 0, 0, 0);color:#1a96aa\" class=\"has-inline-color\">16. seja sveta zavoda \u2013 27.10.2022&nbsp;<\/mark><\/a><\/li>\n\n\n\n<li><a href=\"http:\/\/977.ablak.arnes.si\/wp-content\/uploads\/2024\/01\/zapisnik-15.korespondencne-seje-SPLETNA-STRAN.pdf\" target=\"_blank\" rel=\"noreferrer noopener\"><mark style=\"background-color:rgba(0, 0, 0, 0);color:#1a96aa\" class=\"has-inline-color\">15. koresponden\u010dna seja sveta zavoda \u2013 12.9.2022&nbsp;<\/mark><\/a><\/li>\n\n\n\n<li><a href=\"http:\/\/977.ablak.arnes.si\/wp-content\/uploads\/2024\/01\/zapisnik-14.seje-spletna-stran.pdf\" data-type=\"link\" data-id=\"http:\/\/977.ablak.arnes.si\/wp-content\/uploads\/2024\/01\/zapisnik-14.seje-spletna-stran.pdf\" target=\"_blank\" rel=\"noreferrer noopener\"><mark style=\"background-color:rgba(0, 0, 0, 0);color:#1a96aa\" class=\"has-inline-color\">14. seja sveta zavoda \u2013 25.4.2022<\/mark><\/a><\/li>\n\n\n\n<li><a href=\"http:\/\/977.ablak.arnes.si\/wp-content\/uploads\/2024\/01\/13.-korespondencna-seja-sveta-zavoda-4.3.2022.pdf\" data-type=\"link\" data-id=\"http:\/\/977.ablak.arnes.si\/wp-content\/uploads\/2024\/01\/13.-korespondencna-seja-sveta-zavoda-4.3.2022.pdf\" target=\"_blank\" rel=\"noreferrer noopener\"><mark style=\"background-color:rgba(0, 0, 0, 0);color:#1a96aa\" class=\"has-inline-color\">13. koresponden\u010dna seja sveta zavoda \u2013 4.3.2022<\/mark><\/a><\/li>\n\n\n\n<li><a href=\"http:\/\/977.ablak.arnes.si\/wp-content\/uploads\/2024\/01\/12.-seja-sveta-zavoda-28.2.2022.pdf\" target=\"_blank\" rel=\"noreferrer noopener\"><mark style=\"background-color:rgba(0, 0, 0, 0);color:#1a96aa\" class=\"has-inline-color\">12. seja sveta zavoda \u2013 28.2.2022<\/mark><\/a><\/li>\n\n\n\n<li><a href=\"http:\/\/977.ablak.arnes.si\/wp-content\/uploads\/2024\/01\/zapisnik-11.-seje-sveta-zavoda-za-splet-sklepi.pdf\" target=\"_blank\" rel=\"noreferrer noopener\"><mark style=\"background-color:rgba(0, 0, 0, 0);color:#1a96aa\" class=\"has-inline-color\">11.seja sveta zavoda-18.11.2021<\/mark><\/a><\/li>\n\n\n\n<li><a rel=\"noreferrer noopener\" href=\"http:\/\/977.ablak.arnes.si\/wp-content\/uploads\/2024\/01\/Poslovnik-o-delu-sveta-zavoda2-februar-2022-l.r.pdf\" target=\"_blank\"><mark style=\"background-color:rgba(0, 0, 0, 0);color:#1a96aa\" class=\"has-inline-color\">Poslovnik o delu Sveta zavoda Vrtca Se\u017eana<\/mark><\/a><\/li>\n<\/ol>\n","protected":false},"excerpt":{"rendered":"<p>SVET ZAVODA \u0160teje 11 \u010dlanov, tri predstavnike ustanoviteljev, pet predstavnikov delavcev vrtca in tri predstavnike star\u0161ev. Svet zavoda sprejema program razvoja, letni delovni na\u010drt, poro\u010dila o njegovi uresni\u010ditvi, finan\u010dni na\u010drt, zaklju\u010dni ra\u010dun, odlo\u010da o prito\u017ebah, imenuje in razre\u0161uje ravnatelja in drugo, kar&#8230;<\/p>\n","protected":false},"author":1,"featured_media":0,"parent":0,"menu_order":0,"comment_status":"closed","ping_status":"closed","template":"","meta":{"footnotes":""},"_links":{"self":[{"href":"https:\/\/vrtec-sezana.si\/index.php?rest_route=\/wp\/v2\/pages\/5000"}],"collection":[{"href":"https:\/\/vrtec-sezana.si\/index.php?rest_route=\/wp\/v2\/pages"}],"about":[{"href":"https:\/\/vrtec-sezana.si\/index.php?rest_route=\/wp\/v2\/types\/page"}],"author":[{"embeddable":true,"href":"https:\/\/vrtec-sezana.si\/index.php?rest_route=\/wp\/v2\/users\/1"}],"replies":[{"embeddable":true,"href":"https:\/\/vrtec-sezana.si\/index.php?rest_route=%2Fwp%2Fv2%2Fcomments&post=5000"}],"version-history":[{"count":28,"href":"https:\/\/vrtec-sezana.si\/index.php?rest_route=\/wp\/v2\/pages\/5000\/revisions"}],"predecessor-version":[{"id":35647,"href":"https:\/\/vrtec-sezana.si\/index.php?rest_route=\/wp\/v2\/pages\/5000\/revisions\/35647"}],"wp:attachment":[{"href":"https:\/\/vrtec-sezana.si\/index.php?rest_route=%2Fwp%2Fv2%2Fmedia&parent=5000"}],"curies":[{"name":"wp","href":"https:\/\/api.w.org\/{rel}","templated":true}]}}