{"id":387,"date":"2023-11-10T19:14:04","date_gmt":"2023-11-10T18:14:04","guid":{"rendered":"http:\/\/977.ablak.arnes.si\/?page_id=387"},"modified":"2024-12-27T17:58:21","modified_gmt":"2024-12-27T16:58:21","slug":"enota-povir","status":"publish","type":"page","link":"https:\/\/vrtec-sezana.si\/?page_id=387","title":{"rendered":"Enota POVIR"},"content":{"rendered":"\n<div class=\"wp-block-columns is-layout-flex wp-container-9 wp-block-columns-is-layout-flex\">\n<div class=\"wp-block-column is-layout-flow wp-block-column-is-layout-flow\" style=\"flex-basis:66.66%\">\n<div class=\"wp-block-columns is-layout-flex wp-container-2 wp-block-columns-is-layout-flex\">\n<div class=\"wp-block-column is-layout-flow wp-block-column-is-layout-flow\">\n<p><i class=\"fas fa-map-marker-alt\"><\/i> <strong>Povir 24, 6210 Se\u017eana<\/strong><\/p>\n<\/div>\n<\/div>\n\n\n\n<figure class=\"wp-block-table is-style-regular has-medium-font-size\" style=\"line-height:1\"><table class=\"has-background\" style=\"background-color:#abb7c242\"><thead><tr><th><\/th><th>POVIR<\/th><\/tr><\/thead><tbody><tr><td><i class=\"fas fa-phone-volume\"><\/i><\/td><td>+386 (0) 5 73 10 230<\/td><\/tr><tr><td><i class=\"fas fa-envelope\"><\/i><\/td><td>enota.povir@guest.arnes.si<\/td><\/tr><tr><td><i class=\"fas fa-clock\"><\/i><\/td><td>7:00 do 16:30<\/td><\/tr><\/tbody><\/table><\/figure>\n\n\n\n<div class=\"wp-block-columns is-layout-flex wp-container-6 wp-block-columns-is-layout-flex\">\n<div class=\"wp-block-column is-layout-flow wp-block-column-is-layout-flow\" style=\"flex-basis:66.66%\">\n<p>Vrtec Povir je majhna, enooddel\u010dna enota Vrtca Se\u017eana. Svoje prostore je leta 1980 dobil v prostorih Zadru\u017enega doma, katerega so krajani prostovoljno zgradili leta 1947. Vrtec je \u017ee od samega za\u010detka dobro vpet v va\u0161ko \u017eivljenje. Krajani se vrt\u010devskih otrok vedno razveselijo, povabijo jih na svoje dvori\u0161\u010de, kjer opazujejo doma\u010de \u017eivali, se pogovarjajo, izvejo kaj zanimivega itd. V veselem decembru obi\u0161\u010dejo tudi<br>17<br>starej\u0161e va\u0161\u010dane ter jih razveselijo s \u010destitko in pesmijo. Velika prednost vrtca na vasi je vsekakor ta, da okolica otrokom nudi veliko mo\u017enosti za gibanje in raziskovanje v naravi. Vrtec skupaj s KD France \u017diberna Povir pripravi vsakoletno novoletno prireditev s prihodom Dedka Mraza in prireditev ob materinskem dnevu. Ravno tako uspe\u0161no sodelujejo s Krajevno skupnostjo Povir, PGD Povir in \u0161portnim dru\u0161tvom.<\/p>\n\n\n\n<div class=\"wp-block-buttons is-layout-flex wp-block-buttons-is-layout-flex\">\n<div class=\"wp-block-button\"><a class=\"wp-block-button__link wp-element-button\" href=\"http:\/\/977.ablak.arnes.si\/?cat=17\">NOVICE<\/a><\/div>\n<\/div>\n<\/div>\n\n\n\n<div class=\"wp-block-column is-layout-flow wp-block-column-is-layout-flow\" style=\"flex-basis:33.33%\">\n<figure class=\"wp-block-image size-large\"><img decoding=\"async\" loading=\"lazy\" width=\"1024\" height=\"768\" src=\"https:\/\/vrtec-sezana.si\/wp-content\/uploads\/2024\/12\/IMG_4120-1024x768.jpg\" alt=\"\" class=\"wp-image-19486\" srcset=\"https:\/\/vrtec-sezana.si\/wp-content\/uploads\/2024\/12\/IMG_4120-1024x768.jpg 1024w, https:\/\/vrtec-sezana.si\/wp-content\/uploads\/2024\/12\/IMG_4120-300x225.jpg 300w, https:\/\/vrtec-sezana.si\/wp-content\/uploads\/2024\/12\/IMG_4120-768x576.jpg 768w, https:\/\/vrtec-sezana.si\/wp-content\/uploads\/2024\/12\/IMG_4120-1536x1152.jpg 1536w, https:\/\/vrtec-sezana.si\/wp-content\/uploads\/2024\/12\/IMG_4120-2048x1536.jpg 2048w\" sizes=\"(max-width: 1024px) 100vw, 1024px\" \/><\/figure>\n<\/div>\n<\/div>\n<\/div>\n\n\n\n<div class=\"wp-block-column is-layout-flow wp-block-column-is-layout-flow\" style=\"flex-basis:33.33%\">\n<p>FOTOGALERIJA<\/p>\n\n\n\n<hr class=\"wp-block-separator has-alpha-channel-opacity is-style-wide\"\/>\n\n\n<ul class=\"wp-block-latest-posts__list has-dates wp-block-latest-posts\"><li><div class=\"wp-block-latest-posts__featured-image\"><img loading=\"lazy\" width=\"150\" height=\"150\" src=\"https:\/\/vrtec-sezana.si\/wp-content\/uploads\/2026\/03\/IMG-4568-150x150.jpg\" class=\"attachment-thumbnail size-thumbnail wp-post-image\" alt=\"\" decoding=\"async\" style=\"\" \/><\/div><a class=\"wp-block-latest-posts__post-title\" href=\"https:\/\/vrtec-sezana.si\/?p=35386\">Svetovni dan zdravja<\/a><time datetime=\"2026-04-10T13:00:28+01:00\" class=\"wp-block-latest-posts__post-date\">10.04.2026<\/time><\/li>\n<li><div class=\"wp-block-latest-posts__featured-image\"><img loading=\"lazy\" width=\"150\" height=\"150\" src=\"https:\/\/vrtec-sezana.si\/wp-content\/uploads\/2026\/03\/IMG-4568-150x150.jpg\" class=\"attachment-thumbnail size-thumbnail wp-post-image\" alt=\"\" decoding=\"async\" style=\"\" \/><\/div><a class=\"wp-block-latest-posts__post-title\" href=\"https:\/\/vrtec-sezana.si\/?p=34909\">Razgibane dejavnosti v skupini \u017delve<\/a><time datetime=\"2026-03-31T12:51:21+01:00\" class=\"wp-block-latest-posts__post-date\">31.03.2026<\/time><\/li>\n<li><div class=\"wp-block-latest-posts__featured-image\"><img loading=\"lazy\" width=\"150\" height=\"150\" src=\"https:\/\/vrtec-sezana.si\/wp-content\/uploads\/2026\/03\/IMG-4568-150x150.jpg\" class=\"attachment-thumbnail size-thumbnail wp-post-image\" alt=\"\" decoding=\"async\" style=\"\" \/><\/div><a class=\"wp-block-latest-posts__post-title\" href=\"https:\/\/vrtec-sezana.si\/?p=34881\">V skupini \u017delve<\/a><time datetime=\"2026-03-30T13:23:23+01:00\" class=\"wp-block-latest-posts__post-date\">30.03.2026<\/time><\/li>\n<li><div class=\"wp-block-latest-posts__featured-image\"><img loading=\"lazy\" width=\"150\" height=\"150\" src=\"https:\/\/vrtec-sezana.si\/wp-content\/uploads\/2025\/07\/IMG_0908-150x150.jpg\" class=\"attachment-thumbnail size-thumbnail wp-post-image\" alt=\"\" decoding=\"async\" style=\"\" \/><\/div><a class=\"wp-block-latest-posts__post-title\" href=\"https:\/\/vrtec-sezana.si\/?p=27551\">Vrtec Povir \u2013 45 let sr\u010dnosti, razigranosti in sodelovanja<\/a><time datetime=\"2025-07-01T15:15:53+01:00\" class=\"wp-block-latest-posts__post-date\">01.07.2025<\/time><\/li>\n<li><div class=\"wp-block-latest-posts__featured-image\"><img loading=\"lazy\" width=\"150\" height=\"150\" src=\"https:\/\/vrtec-sezana.si\/wp-content\/uploads\/2025\/07\/rozice-150x150.jpg\" class=\"attachment-thumbnail size-thumbnail wp-post-image\" alt=\"\" decoding=\"async\" style=\"\" \/><\/div><a class=\"wp-block-latest-posts__post-title\" href=\"https:\/\/vrtec-sezana.si\/?p=27524\">Ob zaklju\u010dku \u0161olskega leta<\/a><time datetime=\"2025-07-01T15:04:15+01:00\" class=\"wp-block-latest-posts__post-date\">01.07.2025<\/time><\/li>\n<\/ul><\/div>\n<\/div>\n\n\n\n<iframe src=\"https:\/\/www.google.com\/maps\/embed?pb=!1m18!1m12!1m3!1d2786.5533120011783!2d13.929642976261457!3d45.6999355710788!2m3!1f0!2f0!3f0!3m2!1i1024!2i768!4f13.1!3m3!1m2!1s0x477b3effd7e4a3e9%3A0x5bf17e084a96d142!2sPovir%2024%2C%206210%20Se%C5%BEana!5e0!3m2!1ssl!2ssi!4v1699782454252!5m2!1ssl!2ssi\" width=\"800\" height=\"600\" style=\"border:0;\" allowfullscreen=\"\" loading=\"lazy\" referrerpolicy=\"no-referrer-when-downgrade\"><\/iframe>\n\n\n\n<p><\/p>\n","protected":false},"excerpt":{"rendered":"<p>Povir 24, 6210 Se\u017eana POVIR +386 (0) 5 73 10 230 enota.povir@guest.arnes.si 7:00 do 16:30 Vrtec Povir je majhna, enooddel\u010dna enota Vrtca Se\u017eana. Svoje prostore je leta 1980 dobil v prostorih Zadru\u017enega doma, katerega so krajani prostovoljno zgradili leta 1947. Vrtec je \u2026 <a href=\"https:\/\/vrtec-sezana.si\/?page_id=387\" rel=\"noopener noreferrer\">Preberi ve\u010d<\/a><\/p>\n","protected":false},"author":1,"featured_media":423,"parent":0,"menu_order":0,"comment_status":"closed","ping_status":"closed","template":"","meta":{"footnotes":""},"_links":{"self":[{"href":"https:\/\/vrtec-sezana.si\/index.php?rest_route=\/wp\/v2\/pages\/387"}],"collection":[{"href":"https:\/\/vrtec-sezana.si\/index.php?rest_route=\/wp\/v2\/pages"}],"about":[{"href":"https:\/\/vrtec-sezana.si\/index.php?rest_route=\/wp\/v2\/types\/page"}],"author":[{"embeddable":true,"href":"https:\/\/vrtec-sezana.si\/index.php?rest_route=\/wp\/v2\/users\/1"}],"replies":[{"embeddable":true,"href":"https:\/\/vrtec-sezana.si\/index.php?rest_route=%2Fwp%2Fv2%2Fcomments&post=387"}],"version-history":[{"count":9,"href":"https:\/\/vrtec-sezana.si\/index.php?rest_route=\/wp\/v2\/pages\/387\/revisions"}],"predecessor-version":[{"id":19487,"href":"https:\/\/vrtec-sezana.si\/index.php?rest_route=\/wp\/v2\/pages\/387\/revisions\/19487"}],"wp:featuredmedia":[{"embeddable":true,"href":"https:\/\/vrtec-sezana.si\/index.php?rest_route=\/wp\/v2\/media\/423"}],"wp:attachment":[{"href":"https:\/\/vrtec-sezana.si\/index.php?rest_route=%2Fwp%2Fv2%2Fmedia&parent=387"}],"curies":[{"name":"wp","href":"https:\/\/api.w.org\/{rel}","templated":true}]}}