{"id":385,"date":"2023-11-10T19:13:44","date_gmt":"2023-11-10T18:13:44","guid":{"rendered":"http:\/\/977.ablak.arnes.si\/?page_id=385"},"modified":"2025-10-03T13:45:06","modified_gmt":"2025-10-03T12:45:06","slug":"enota-materija","status":"publish","type":"page","link":"https:\/\/vrtec-sezana.si\/?page_id=385","title":{"rendered":"Enota MATERIJA"},"content":{"rendered":"\n<div class=\"wp-block-columns is-layout-flex wp-container-9 wp-block-columns-is-layout-flex\">\n<div class=\"wp-block-column is-layout-flow wp-block-column-is-layout-flow\" style=\"flex-basis:66.66%\">\n<div class=\"wp-block-columns is-layout-flex wp-container-2 wp-block-columns-is-layout-flex\">\n<div class=\"wp-block-column is-layout-flow wp-block-column-is-layout-flow\">\n<p><i class=\"fas fa-map-marker-alt\"><\/i> <strong>Ba\u010d pri Materiji 28 a, 6242 Materija<\/strong><\/p>\n<\/div>\n<\/div>\n\n\n\n<figure class=\"wp-block-table is-style-regular has-medium-font-size\" style=\"line-height:1\"><table class=\"has-background\" style=\"background-color:#abb7c242\"><thead><tr><th><\/th><th>MATERIJA<\/th><\/tr><\/thead><tbody><tr><td><i class=\"fas fa-phone-volume\"><\/i><\/td><td>+386 (0) 5 68 90 242<\/td><\/tr><tr><td><i class=\"fas fa-envelope\"><\/i><\/td><td>enota.materija@guest.arnes.si<\/td><\/tr><tr><td><i class=\"fas fa-clock\"><\/i><\/td><td>6:10 do 15:45<\/td><\/tr><\/tbody><\/table><\/figure>\n\n\n\n<div class=\"wp-block-columns is-layout-flex wp-container-6 wp-block-columns-is-layout-flex\">\n<div class=\"wp-block-column is-layout-flow wp-block-column-is-layout-flow\" style=\"flex-basis:66.66%\">\n<p>Vrtec Materija se nahaja na obrobju Brkinov, ob glavni cesti Trst\u2013Reka, v naselju Ba\u010d pri Materiji. Vrtec je v kraju \u017ee od leta 1983, ko je za\u010del delovati kot tovarni\u0161ki vrtec Tovarne pletenin in konfekcije Se\u017eana za potrebe svojih delavk in delavcev, pa tudi za otroke iz okoli\u0161kih vasi. Leta 1993 je zaradi reorganizacije v tovarni za\u010del delovati pod okriljem Vrtca Se\u017eana kot ena njegovih enot. Leta 2020 so se preselili v novozgrajen vrtec, ki se nahaja v bli\u017eini gasilskega doma in va\u0161kega igri\u0161\u010da. V vrtcu je prostora za dve skupini otrok. Pona\u0161ajo se z velikim in lepim igri\u0161\u010dem, ki nudi veliko mo\u017enosti za izvajanje razli\u010dnih dejavnosti. Znani so tudi po dobrem sodelovanju z okoljem in star\u0161i otrok, ki obiskujejo vrtec. V vrtcu se vsi \u2013 otroci in osebje \u2013 po\u010dutijo spro\u0161\u010deno. Vsakodnevno organizirajo pestre vzgojno izobra\u017eevalne dejavnosti. Njihova vrata so vedno odprta za vse, ki jih \u017eelijo obiskati in pokukati v vrt\u010devski vsakdan.<\/p>\n\n\n\n<div class=\"wp-block-buttons is-layout-flex wp-block-buttons-is-layout-flex\">\n<div class=\"wp-block-button\"><a class=\"wp-block-button__link wp-element-button\" href=\"http:\/\/977.ablak.arnes.si\/?cat=16\">NOVICE<\/a><\/div>\n<\/div>\n<\/div>\n\n\n\n<div class=\"wp-block-column is-layout-flow wp-block-column-is-layout-flow\" style=\"flex-basis:33.33%\">\n<figure class=\"wp-block-image size-large\"><img decoding=\"async\" loading=\"lazy\" width=\"1024\" height=\"683\" src=\"http:\/\/977.ablak.arnes.si\/wp-content\/uploads\/2023\/11\/OpisMatrija-1024x683.jpg\" alt=\"\" class=\"wp-image-516\" srcset=\"https:\/\/vrtec-sezana.si\/wp-content\/uploads\/2023\/11\/OpisMatrija-1024x683.jpg 1024w, https:\/\/vrtec-sezana.si\/wp-content\/uploads\/2023\/11\/OpisMatrija-300x200.jpg 300w, https:\/\/vrtec-sezana.si\/wp-content\/uploads\/2023\/11\/OpisMatrija-768x512.jpg 768w, https:\/\/vrtec-sezana.si\/wp-content\/uploads\/2023\/11\/OpisMatrija-1536x1024.jpg 1536w, https:\/\/vrtec-sezana.si\/wp-content\/uploads\/2023\/11\/OpisMatrija-2048x1366.jpg 2048w\" sizes=\"(max-width: 1024px) 100vw, 1024px\" \/><\/figure>\n<\/div>\n<\/div>\n<\/div>\n\n\n\n<div class=\"wp-block-column is-layout-flow wp-block-column-is-layout-flow\" style=\"flex-basis:33.33%\">\n<p>FOTOGALERIJA<\/p>\n\n\n\n<hr class=\"wp-block-separator has-alpha-channel-opacity is-style-wide\"\/>\n\n\n<ul class=\"wp-block-latest-posts__list has-dates wp-block-latest-posts\"><li><div class=\"wp-block-latest-posts__featured-image\"><img loading=\"lazy\" width=\"150\" height=\"150\" src=\"https:\/\/vrtec-sezana.si\/wp-content\/uploads\/2026\/04\/IMG_4207-1-150x150.jpg\" class=\"attachment-thumbnail size-thumbnail wp-post-image\" alt=\"\" decoding=\"async\" style=\"\" \/><\/div><a class=\"wp-block-latest-posts__post-title\" href=\"https:\/\/vrtec-sezana.si\/?p=35981\">Svetovni dan Zemlje v enoti Materija<\/a><time datetime=\"2026-04-30T06:47:18+01:00\" class=\"wp-block-latest-posts__post-date\">30.04.2026<\/time><\/li>\n<li><div class=\"wp-block-latest-posts__featured-image\"><img loading=\"lazy\" width=\"150\" height=\"150\" src=\"https:\/\/vrtec-sezana.si\/wp-content\/uploads\/2026\/04\/IMG_3898-1-150x150.jpg\" class=\"attachment-thumbnail size-thumbnail wp-post-image\" alt=\"\" decoding=\"async\" style=\"\" \/><\/div><a class=\"wp-block-latest-posts__post-title\" href=\"https:\/\/vrtec-sezana.si\/?p=35531\">Svetovni dan zdravja v znamenju gibanja, znanja in dru\u017eenja<\/a><time datetime=\"2026-04-14T15:53:45+01:00\" class=\"wp-block-latest-posts__post-date\">14.04.2026<\/time><\/li>\n<li><div class=\"wp-block-latest-posts__featured-image\"><img loading=\"lazy\" width=\"150\" height=\"150\" src=\"https:\/\/vrtec-sezana.si\/wp-content\/uploads\/2026\/04\/Naslovna-slika-150x150.jpg\" class=\"attachment-thumbnail size-thumbnail wp-post-image\" alt=\"\" decoding=\"async\" style=\"\" \/><\/div><a class=\"wp-block-latest-posts__post-title\" href=\"https:\/\/vrtec-sezana.si\/?p=35026\">Plavalni te\u010daj za pred\u0161olske otroke iz enot Hrpelje in Materija<\/a><time datetime=\"2026-04-01T11:23:24+01:00\" class=\"wp-block-latest-posts__post-date\">01.04.2026<\/time><\/li>\n<li><div class=\"wp-block-latest-posts__featured-image\"><img loading=\"lazy\" width=\"150\" height=\"150\" src=\"https:\/\/vrtec-sezana.si\/wp-content\/uploads\/2026\/03\/PXL_20260302_124506888-150x150.jpg\" class=\"attachment-thumbnail size-thumbnail wp-post-image\" alt=\"\" decoding=\"async\" style=\"\" \/><\/div><a class=\"wp-block-latest-posts__post-title\" href=\"https:\/\/vrtec-sezana.si\/?p=34609\">Pomlad je potrkala na vrata na\u0161ega vrtca<\/a><time datetime=\"2026-03-23T18:51:00+01:00\" class=\"wp-block-latest-posts__post-date\">23.03.2026<\/time><\/li>\n<li><div class=\"wp-block-latest-posts__featured-image\"><img loading=\"lazy\" width=\"150\" height=\"150\" src=\"https:\/\/vrtec-sezana.si\/wp-content\/uploads\/2026\/02\/PXL_20260206_085428065-150x150.jpg\" class=\"attachment-thumbnail size-thumbnail wp-post-image\" alt=\"\" decoding=\"async\" style=\"\" \/><\/div><a class=\"wp-block-latest-posts__post-title\" href=\"https:\/\/vrtec-sezana.si\/?p=33482\">Kulturni praznik in pustno rajanje v na\u0161em vrtcu<\/a><time datetime=\"2026-02-13T18:35:28+01:00\" class=\"wp-block-latest-posts__post-date\">13.02.2026<\/time><\/li>\n<\/ul><\/div>\n<\/div>\n\n\n\n<iframe src=\"https:\/\/www.google.com\/maps\/embed?pb=!1m18!1m12!1m3!1d3321.031363106936!2d14.00088593278591!3d45.57760988470805!2m3!1f0!2f0!3f0!3m2!1i1024!2i768!4f13.1!3m3!1m2!1s0x477b460a29f6f629%3A0x716ffe83fba5527!2sBa%C4%8D%20pri%20Materiji%2028a%2C%206242%20Materija!5e0!3m2!1ssl!2ssi!4v1699782509390!5m2!1ssl!2ssi\" width=\"800\" height=\"600\" style=\"border:0;\" allowfullscreen=\"\" loading=\"lazy\" referrerpolicy=\"no-referrer-when-downgrade\"><\/iframe>\n\n\n\n<p><\/p>\n","protected":false},"excerpt":{"rendered":"<p>Ba\u010d pri Materiji 28 a, 6242 Materija MATERIJA +386 (0) 5 68 90 242 enota.materija@guest.arnes.si 6:10 do 15:45 Vrtec Materija se nahaja na obrobju Brkinov, ob glavni cesti Trst\u2013Reka, v naselju Ba\u010d pri Materiji. Vrtec je v kraju \u017ee od leta 1983, \u2026 <a href=\"https:\/\/vrtec-sezana.si\/?page_id=385\" rel=\"noopener noreferrer\">Preberi ve\u010d<\/a><\/p>\n","protected":false},"author":1,"featured_media":422,"parent":0,"menu_order":0,"comment_status":"closed","ping_status":"closed","template":"","meta":{"footnotes":""},"_links":{"self":[{"href":"https:\/\/vrtec-sezana.si\/index.php?rest_route=\/wp\/v2\/pages\/385"}],"collection":[{"href":"https:\/\/vrtec-sezana.si\/index.php?rest_route=\/wp\/v2\/pages"}],"about":[{"href":"https:\/\/vrtec-sezana.si\/index.php?rest_route=\/wp\/v2\/types\/page"}],"author":[{"embeddable":true,"href":"https:\/\/vrtec-sezana.si\/index.php?rest_route=\/wp\/v2\/users\/1"}],"replies":[{"embeddable":true,"href":"https:\/\/vrtec-sezana.si\/index.php?rest_route=%2Fwp%2Fv2%2Fcomments&post=385"}],"version-history":[{"count":8,"href":"https:\/\/vrtec-sezana.si\/index.php?rest_route=\/wp\/v2\/pages\/385\/revisions"}],"predecessor-version":[{"id":28514,"href":"https:\/\/vrtec-sezana.si\/index.php?rest_route=\/wp\/v2\/pages\/385\/revisions\/28514"}],"wp:featuredmedia":[{"embeddable":true,"href":"https:\/\/vrtec-sezana.si\/index.php?rest_route=\/wp\/v2\/media\/422"}],"wp:attachment":[{"href":"https:\/\/vrtec-sezana.si\/index.php?rest_route=%2Fwp%2Fv2%2Fmedia&parent=385"}],"curies":[{"name":"wp","href":"https:\/\/api.w.org\/{rel}","templated":true}]}}