{"id":383,"date":"2023-11-10T19:13:26","date_gmt":"2023-11-10T18:13:26","guid":{"rendered":"http:\/\/977.ablak.arnes.si\/?page_id=383"},"modified":"2024-12-29T14:21:57","modified_gmt":"2024-12-29T13:21:57","slug":"enota-stanjel","status":"publish","type":"page","link":"https:\/\/vrtec-sezana.si\/?page_id=383","title":{"rendered":"Enota \u0160TANJEL"},"content":{"rendered":"\n<div class=\"wp-block-columns is-layout-flex wp-container-9 wp-block-columns-is-layout-flex\">\n<div class=\"wp-block-column is-layout-flow wp-block-column-is-layout-flow\" style=\"flex-basis:66.66%\">\n<div class=\"wp-block-columns is-layout-flex wp-container-2 wp-block-columns-is-layout-flex\">\n<div class=\"wp-block-column is-layout-flow wp-block-column-is-layout-flow\">\n<p><i class=\"fas fa-map-marker-alt\"><\/i> <strong>\u0160tanjel 75, 6222 \u0160tanjel<\/strong><\/p>\n<\/div>\n<\/div>\n\n\n\n<figure class=\"wp-block-table is-style-regular has-medium-font-size\" style=\"line-height:1\"><table class=\"has-background\" style=\"background-color:#abb7c242\"><thead><tr><th><\/th><th>\u0160TANJEL<\/th><\/tr><\/thead><tbody><tr><td><i class=\"fas fa-phone-volume\"><\/i><\/td><td>+386 (0) 5 73 18 299<br>+386 (0) 41 302 136<\/td><\/tr><tr><td><i class=\"fas fa-envelope\"><\/i><\/td><td>enota.stanjel@guest.arnes.si<\/td><\/tr><tr><td><i class=\"fas fa-clock\"><\/i><\/td><td>6:30 do 16:30<\/td><\/tr><\/tbody><\/table><\/figure>\n\n\n\n<div class=\"wp-block-columns is-layout-flex wp-container-6 wp-block-columns-is-layout-flex\">\n<div class=\"wp-block-column is-layout-flow wp-block-column-is-layout-flow\" style=\"flex-basis:66.66%\">\n<p>\u0160tanjel, naselje znano po srednjeve\u0161kem mestecu na gri\u010du, je tudi kraj, kjer se nahaja enota \u0160tanjel. Pod gradom, kot ga imenujejo doma\u010dini, je vrtec v \u0160tanjelu za\u010del delovati v okviru Vrtca Se\u017eana 1. septembra 1998 v za\u010dasno urejeni igralnici v prostorih stare \u0161ole. Oktobra 1999 pa se je preselil v novo zgrajeno stavbo, kjer je tudi osnovna \u0161ola. V \u0161olskem letu 2022-2023 je Ob\u010dina Komen za\u010dela s celovito rekonstrukcijo in dozidavo novega vrtca \u0160tanjel, zato sta dva oddelka gostovala v prostorih O\u0160 Komen, podru\u017enica \u0160tanjel, en oddelek pa v prostorih enote vrtca v Komnu. Novembra 2024 pa so prvi\u010d vstopile vse tri skupine v nov vrtec. Pred vrtcem se razprostira lep travnik, na katerem je igri\u0161\u010de, kjer imajo otroci veliko mo\u017enosti za gibaje na prostem. Okolica vrtca pa prav tako nudi veliko mo\u017enosti raziskovanja in odkrivanja naravnih in kulturnih zanimivosti. Strokovne delavke se trudijo, da vrtec \u017ee ob prihodu v prostor otrokom in star\u0161em vzbudi ob\u010dutek topline, varnosti in prijaznosti ter skrbijo za dobro po\u010dutje in kvalitetno vzgojno izobra\u017eevalno delo.<\/p>\n\n\n\n<div class=\"wp-block-buttons is-layout-flex wp-block-buttons-is-layout-flex\">\n<div class=\"wp-block-button\"><a class=\"wp-block-button__link wp-element-button\" href=\"http:\/\/977.ablak.arnes.si\/?cat=15\">NOVICE<\/a><\/div>\n<\/div>\n<\/div>\n\n\n\n<div class=\"wp-block-column is-layout-flow wp-block-column-is-layout-flow\" style=\"flex-basis:33.33%\">\n<figure class=\"wp-block-image size-large\"><img decoding=\"async\" loading=\"lazy\" width=\"1024\" height=\"603\" src=\"https:\/\/vrtec-sezana.si\/wp-content\/uploads\/2024\/11\/torta-1024x603.jpg\" alt=\"\" class=\"wp-image-17484\" srcset=\"https:\/\/vrtec-sezana.si\/wp-content\/uploads\/2024\/11\/torta-1024x603.jpg 1024w, https:\/\/vrtec-sezana.si\/wp-content\/uploads\/2024\/11\/torta-300x177.jpg 300w, https:\/\/vrtec-sezana.si\/wp-content\/uploads\/2024\/11\/torta-768x452.jpg 768w, https:\/\/vrtec-sezana.si\/wp-content\/uploads\/2024\/11\/torta-1536x904.jpg 1536w, https:\/\/vrtec-sezana.si\/wp-content\/uploads\/2024\/11\/torta-2048x1205.jpg 2048w\" sizes=\"(max-width: 1024px) 100vw, 1024px\" \/><\/figure>\n<\/div>\n<\/div>\n<\/div>\n\n\n\n<div class=\"wp-block-column is-layout-flow wp-block-column-is-layout-flow\" style=\"flex-basis:33.33%\">\n<p>FOTOGALERIJA<\/p>\n\n\n\n<hr class=\"wp-block-separator has-alpha-channel-opacity is-style-wide\"\/>\n\n\n<ul class=\"wp-block-latest-posts__list has-dates wp-block-latest-posts\"><li><div class=\"wp-block-latest-posts__featured-image\"><img loading=\"lazy\" width=\"150\" height=\"150\" src=\"https:\/\/vrtec-sezana.si\/wp-content\/uploads\/2026\/04\/aktivni-sprehod-150x150.png\" class=\"attachment-thumbnail size-thumbnail wp-post-image\" alt=\"\" decoding=\"async\" style=\"\" \/><\/div><a class=\"wp-block-latest-posts__post-title\" href=\"https:\/\/vrtec-sezana.si\/?p=35544\">Aktivni sprehod ob svetovnem dnevu zdravja<\/a><time datetime=\"2026-04-14T16:27:42+01:00\" class=\"wp-block-latest-posts__post-date\">14.04.2026<\/time><\/li>\n<li><div class=\"wp-block-latest-posts__featured-image\"><img loading=\"lazy\" width=\"150\" height=\"150\" src=\"https:\/\/vrtec-sezana.si\/wp-content\/uploads\/2026\/04\/vlak-150x150.png\" class=\"attachment-thumbnail size-thumbnail wp-post-image\" alt=\"\" decoding=\"async\" style=\"\" \/><\/div><a class=\"wp-block-latest-posts__post-title\" href=\"https:\/\/vrtec-sezana.si\/?p=35175\">Z vlakom v Se\u017eano<\/a><time datetime=\"2026-04-03T13:05:53+01:00\" class=\"wp-block-latest-posts__post-date\">03.04.2026<\/time><\/li>\n<li><div class=\"wp-block-latest-posts__featured-image\"><img loading=\"lazy\" width=\"150\" height=\"150\" src=\"https:\/\/vrtec-sezana.si\/wp-content\/uploads\/2026\/04\/01-17-150x150.jpg\" class=\"attachment-thumbnail size-thumbnail wp-post-image\" alt=\"\" decoding=\"async\" style=\"\" \/><\/div><a class=\"wp-block-latest-posts__post-title\" href=\"https:\/\/vrtec-sezana.si\/?p=35150\">Pomladno vzdu\u0161je v vrtcu \u0160tanjel<\/a><time datetime=\"2026-04-03T12:36:53+01:00\" class=\"wp-block-latest-posts__post-date\">03.04.2026<\/time><\/li>\n<li><div class=\"wp-block-latest-posts__featured-image\"><img loading=\"lazy\" width=\"150\" height=\"150\" src=\"https:\/\/vrtec-sezana.si\/wp-content\/uploads\/2026\/02\/ChatGPT-Image-23.-feb.-2026-21_23_25-150x150.png\" class=\"attachment-thumbnail size-thumbnail wp-post-image\" alt=\"\" decoding=\"async\" style=\"\" \/><\/div><a class=\"wp-block-latest-posts__post-title\" href=\"https:\/\/vrtec-sezana.si\/?p=33905\">Pustno rajanje v na\u0161em vrtcu<\/a><time datetime=\"2026-02-23T21:24:10+01:00\" class=\"wp-block-latest-posts__post-date\">23.02.2026<\/time><\/li>\n<li><div class=\"wp-block-latest-posts__featured-image\"><img loading=\"lazy\" width=\"150\" height=\"150\" src=\"https:\/\/vrtec-sezana.si\/wp-content\/uploads\/2026\/02\/ChatGPT-Image-16.-feb.-2026-11_29_33-150x150.png\" class=\"attachment-thumbnail size-thumbnail wp-post-image\" alt=\"\" decoding=\"async\" style=\"\" \/><\/div><a class=\"wp-block-latest-posts__post-title\" href=\"https:\/\/vrtec-sezana.si\/?p=33585\">Sre\u010danje non in nonotov v na\u0161em vrtcu<\/a><time datetime=\"2026-02-16T11:31:03+01:00\" class=\"wp-block-latest-posts__post-date\">16.02.2026<\/time><\/li>\n<\/ul><\/div>\n<\/div>\n\n\n\n<iframe src=\"https:\/\/www.google.com\/maps\/embed?pb=!1m18!1m12!1m3!1d2780.578045864369!2d13.842992876268092!3d45.81970837108187!2m3!1f0!2f0!3f0!3m2!1i1024!2i768!4f13.1!3m3!1m2!1s0x477b1750f37f83a5%3A0xdd52b208e28b6327!2zxaB0YW5qZWwgNzUsIDYyMjIgxaB0YW5qZWw!5e0!3m2!1ssl!2ssi!4v1699782261887!5m2!1ssl!2ssi\" width=\"800\" height=\"600\" style=\"border:0;\" allowfullscreen=\"\" loading=\"lazy\" referrerpolicy=\"no-referrer-when-downgrade\"><\/iframe>\n\n\n\n<p><\/p>\n","protected":false},"excerpt":{"rendered":"<p>\u0160tanjel 75, 6222 \u0160tanjel \u0160TANJEL +386 (0) 5 73 18 299+386 (0) 41 302 136 enota.stanjel@guest.arnes.si 6:30 do 16:30 \u0160tanjel, naselje znano po srednjeve\u0161kem mestecu na gri\u010du, je tudi kraj, kjer se nahaja enota \u0160tanjel. Pod gradom, kot ga imenujejo doma\u010dini, je \u2026 <a href=\"https:\/\/vrtec-sezana.si\/?page_id=383\" rel=\"noopener noreferrer\">Preberi ve\u010d<\/a><\/p>\n","protected":false},"author":1,"featured_media":420,"parent":0,"menu_order":0,"comment_status":"closed","ping_status":"closed","template":"","meta":{"footnotes":""},"_links":{"self":[{"href":"https:\/\/vrtec-sezana.si\/index.php?rest_route=\/wp\/v2\/pages\/383"}],"collection":[{"href":"https:\/\/vrtec-sezana.si\/index.php?rest_route=\/wp\/v2\/pages"}],"about":[{"href":"https:\/\/vrtec-sezana.si\/index.php?rest_route=\/wp\/v2\/types\/page"}],"author":[{"embeddable":true,"href":"https:\/\/vrtec-sezana.si\/index.php?rest_route=\/wp\/v2\/users\/1"}],"replies":[{"embeddable":true,"href":"https:\/\/vrtec-sezana.si\/index.php?rest_route=%2Fwp%2Fv2%2Fcomments&post=383"}],"version-history":[{"count":15,"href":"https:\/\/vrtec-sezana.si\/index.php?rest_route=\/wp\/v2\/pages\/383\/revisions"}],"predecessor-version":[{"id":19536,"href":"https:\/\/vrtec-sezana.si\/index.php?rest_route=\/wp\/v2\/pages\/383\/revisions\/19536"}],"wp:featuredmedia":[{"embeddable":true,"href":"https:\/\/vrtec-sezana.si\/index.php?rest_route=\/wp\/v2\/media\/420"}],"wp:attachment":[{"href":"https:\/\/vrtec-sezana.si\/index.php?rest_route=%2Fwp%2Fv2%2Fmedia&parent=383"}],"curies":[{"name":"wp","href":"https:\/\/api.w.org\/{rel}","templated":true}]}}