{"id":379,"date":"2023-11-10T19:12:41","date_gmt":"2023-11-10T18:12:41","guid":{"rendered":"http:\/\/977.ablak.arnes.si\/?page_id=379"},"modified":"2024-04-17T12:59:17","modified_gmt":"2024-04-17T11:59:17","slug":"enota-lokev","status":"publish","type":"page","link":"https:\/\/vrtec-sezana.si\/?page_id=379","title":{"rendered":"Enota LOKEV"},"content":{"rendered":"\n<div class=\"wp-block-columns is-layout-flex wp-container-9 wp-block-columns-is-layout-flex\">\n<div class=\"wp-block-column is-layout-flow wp-block-column-is-layout-flow\" style=\"flex-basis:66.66%\">\n<div class=\"wp-block-columns is-layout-flex wp-container-2 wp-block-columns-is-layout-flex\">\n<div class=\"wp-block-column is-layout-flow wp-block-column-is-layout-flow\">\n<p><i class=\"fas fa-map-marker-alt\"><\/i> <strong>Lokev 124, 6219 Lokev<\/strong><\/p>\n<\/div>\n<\/div>\n\n\n\n<figure class=\"wp-block-table is-style-regular has-medium-font-size\" style=\"line-height:1\"><table class=\"has-background\" style=\"background-color:#abb7c242\"><thead><tr><th><\/th><th>LOKEV<\/th><\/tr><\/thead><tbody><tr><td><i class=\"fas fa-phone-volume\"><\/i><\/td><td>+386 (0) 5 73 18 298<\/td><\/tr><tr><td><i class=\"fas fa-envelope\"><\/i><\/td><td>enota.lokev@guest.arnes.si<\/td><\/tr><tr><td><i class=\"fas fa-clock\"><\/i><\/td><td>6:45 do 16:15<\/td><\/tr><\/tbody><\/table><\/figure>\n\n\n\n<div class=\"wp-block-columns is-layout-flex wp-container-6 wp-block-columns-is-layout-flex\">\n<div class=\"wp-block-column is-layout-flow wp-block-column-is-layout-flow\" style=\"flex-basis:66.66%\">\n<p>Zgradba, v kateri danes domuje vrtec, je bila zgrajena leta 1930 in to po po\u017eigu lesene barake, v kateri je deloval italijanski vrtec. Nahaja se v va\u0161kem jedru, ki je tudi zgodovinsko zanimiv. V bli\u017eini se nahaja podru\u017eni\u010dna osnovna \u0161ola, znan voja\u0161ki muzej Tabor, lipa stara nekaj stoletij in druge znamenitosti. Oddelki se v enoti oblikujejo glede na \u0161tevilo otrok. V enoti sta lahko glede na prostorske razmere najve\u010d dva oddelka. Vrtec se pona\u0161a z lepim, velikim in urejenim igri\u0161\u010dem, ki nudi veliko mo\u017enosti za izvajanje dejavnosti v vseh letnih \u010dasih. Prav tako tudi sama okolica nudi veliko mo\u017enosti za dejavnosti na prostem.<br>Delo v vrtcu poteka v dobrem sodelovanju z okolico, \u0161olo in vsemi institucijami v vasi ter seveda s star\u0161i otrok.<\/p>\n\n\n\n<div class=\"wp-block-buttons is-layout-flex wp-block-buttons-is-layout-flex\">\n<div class=\"wp-block-button\"><a class=\"wp-block-button__link wp-element-button\" href=\"http:\/\/977.ablak.arnes.si\/?cat=13\">NOVICE<\/a><\/div>\n<\/div>\n<\/div>\n\n\n\n<div class=\"wp-block-column is-layout-flow wp-block-column-is-layout-flow\" style=\"flex-basis:33.33%\">\n<figure class=\"wp-block-image size-full\"><img decoding=\"async\" loading=\"lazy\" width=\"800\" height=\"600\" src=\"http:\/\/977.ablak.arnes.si\/wp-content\/uploads\/2023\/11\/OpisLokev.jpg\" alt=\"\" class=\"wp-image-520\" srcset=\"https:\/\/vrtec-sezana.si\/wp-content\/uploads\/2023\/11\/OpisLokev.jpg 800w, https:\/\/vrtec-sezana.si\/wp-content\/uploads\/2023\/11\/OpisLokev-300x225.jpg 300w, https:\/\/vrtec-sezana.si\/wp-content\/uploads\/2023\/11\/OpisLokev-768x576.jpg 768w\" sizes=\"(max-width: 800px) 100vw, 800px\" \/><\/figure>\n<\/div>\n<\/div>\n<\/div>\n\n\n\n<div class=\"wp-block-column is-layout-flow wp-block-column-is-layout-flow\" style=\"flex-basis:33.33%\">\n<p>FOTOGALERIJA<\/p>\n\n\n\n<hr class=\"wp-block-separator has-alpha-channel-opacity is-style-wide\"\/>\n\n\n<ul class=\"wp-block-latest-posts__list has-dates wp-block-latest-posts\"><li><div class=\"wp-block-latest-posts__featured-image\"><img loading=\"lazy\" width=\"150\" height=\"150\" src=\"https:\/\/vrtec-sezana.si\/wp-content\/uploads\/2026\/04\/001-naslovna-1-150x150.jpg\" class=\"attachment-thumbnail size-thumbnail wp-post-image\" alt=\"\" decoding=\"async\" style=\"\" \/><\/div><a class=\"wp-block-latest-posts__post-title\" href=\"https:\/\/vrtec-sezana.si\/?p=35778\">Svet gibanja in veselja<\/a><time datetime=\"2026-04-24T11:49:34+01:00\" class=\"wp-block-latest-posts__post-date\">24.04.2026<\/time><\/li>\n<li><div class=\"wp-block-latest-posts__featured-image\"><img loading=\"lazy\" width=\"150\" height=\"150\" src=\"https:\/\/vrtec-sezana.si\/wp-content\/uploads\/2026\/04\/IMG_6532-150x150.jpeg\" class=\"attachment-thumbnail size-thumbnail wp-post-image\" alt=\"\" decoding=\"async\" style=\"\" \/><\/div><a class=\"wp-block-latest-posts__post-title\" href=\"https:\/\/vrtec-sezana.si\/?p=35717\">Moji odpadki, moja odgovornost<\/a><time datetime=\"2026-04-23T16:56:12+01:00\" class=\"wp-block-latest-posts__post-date\">23.04.2026<\/time><\/li>\n<li><div class=\"wp-block-latest-posts__featured-image\"><img loading=\"lazy\" width=\"150\" height=\"150\" src=\"https:\/\/vrtec-sezana.si\/wp-content\/uploads\/2026\/03\/IMG_20260309_101223-150x150.jpg\" class=\"attachment-thumbnail size-thumbnail wp-post-image\" alt=\"\" decoding=\"async\" style=\"\" \/><\/div><a class=\"wp-block-latest-posts__post-title\" href=\"https:\/\/vrtec-sezana.si\/?p=34724\">Pomlad prihaja<\/a><time datetime=\"2026-03-30T12:17:22+01:00\" class=\"wp-block-latest-posts__post-date\">30.03.2026<\/time><\/li>\n<li><div class=\"wp-block-latest-posts__featured-image\"><img loading=\"lazy\" width=\"150\" height=\"150\" src=\"https:\/\/vrtec-sezana.si\/wp-content\/uploads\/2026\/03\/images-150x150.jpg\" class=\"attachment-thumbnail size-thumbnail wp-post-image\" alt=\"\" decoding=\"async\" style=\"\" \/><\/div><a class=\"wp-block-latest-posts__post-title\" href=\"https:\/\/vrtec-sezana.si\/?p=34416\">Dan v pi\u017eamah \u2013 skupaj smo se spomnili na pomen dobrega spanja<\/a><time datetime=\"2026-03-16T12:51:22+01:00\" class=\"wp-block-latest-posts__post-date\">16.03.2026<\/time><\/li>\n<li><div class=\"wp-block-latest-posts__featured-image\"><img loading=\"lazy\" width=\"150\" height=\"150\" src=\"https:\/\/vrtec-sezana.si\/wp-content\/uploads\/2026\/02\/presernov-dan-slovenski-kulturni-praznik-8.-februar-810x338-1-150x150.jpg\" class=\"attachment-thumbnail size-thumbnail wp-post-image\" alt=\"\" decoding=\"async\" style=\"\" \/><\/div><a class=\"wp-block-latest-posts__post-title\" href=\"https:\/\/vrtec-sezana.si\/?p=33455\">Obele\u017eili smo kulturni praznik<\/a><time datetime=\"2026-02-13T09:09:47+01:00\" class=\"wp-block-latest-posts__post-date\">13.02.2026<\/time><\/li>\n<\/ul><\/div>\n<\/div>\n\n\n\n<iframe src=\"https:\/\/www.google.com\/maps\/embed?pb=!1m18!1m12!1m3!1d2788.4503207802036!2d13.925831176259349!3d45.66185937107779!2m3!1f0!2f0!3f0!3m2!1i1024!2i768!4f13.1!3m3!1m2!1s0x477b409d8ab85ea1%3A0x5af4c4eca4527fe7!2sLokev%20124%2C%206219%20Lokev!5e0!3m2!1ssl!2ssi!4v1699782550556!5m2!1ssl!2ssi\" width=\"800\" height=\"600\" style=\"border:0;\" allowfullscreen=\"\" loading=\"lazy\" referrerpolicy=\"no-referrer-when-downgrade\"><\/iframe>\n\n\n\n<p><\/p>\n","protected":false},"excerpt":{"rendered":"<p>Lokev 124, 6219 Lokev LOKEV +386 (0) 5 73 18 298 enota.lokev@guest.arnes.si 6:45 do 16:15 Zgradba, v kateri danes domuje vrtec, je bila zgrajena leta 1930 in to po po\u017eigu lesene barake, v kateri je deloval italijanski vrtec. Nahaja se v va\u0161kem \u2026 <a href=\"https:\/\/vrtec-sezana.si\/?page_id=379\" rel=\"noopener noreferrer\">Preberi ve\u010d<\/a><\/p>\n","protected":false},"author":1,"featured_media":418,"parent":0,"menu_order":0,"comment_status":"closed","ping_status":"closed","template":"","meta":{"footnotes":""},"_links":{"self":[{"href":"https:\/\/vrtec-sezana.si\/index.php?rest_route=\/wp\/v2\/pages\/379"}],"collection":[{"href":"https:\/\/vrtec-sezana.si\/index.php?rest_route=\/wp\/v2\/pages"}],"about":[{"href":"https:\/\/vrtec-sezana.si\/index.php?rest_route=\/wp\/v2\/types\/page"}],"author":[{"embeddable":true,"href":"https:\/\/vrtec-sezana.si\/index.php?rest_route=\/wp\/v2\/users\/1"}],"replies":[{"embeddable":true,"href":"https:\/\/vrtec-sezana.si\/index.php?rest_route=%2Fwp%2Fv2%2Fcomments&post=379"}],"version-history":[{"count":8,"href":"https:\/\/vrtec-sezana.si\/index.php?rest_route=\/wp\/v2\/pages\/379\/revisions"}],"predecessor-version":[{"id":10946,"href":"https:\/\/vrtec-sezana.si\/index.php?rest_route=\/wp\/v2\/pages\/379\/revisions\/10946"}],"wp:featuredmedia":[{"embeddable":true,"href":"https:\/\/vrtec-sezana.si\/index.php?rest_route=\/wp\/v2\/media\/418"}],"wp:attachment":[{"href":"https:\/\/vrtec-sezana.si\/index.php?rest_route=%2Fwp%2Fv2%2Fmedia&parent=379"}],"curies":[{"name":"wp","href":"https:\/\/api.w.org\/{rel}","templated":true}]}}