{"id":377,"date":"2023-11-10T19:12:14","date_gmt":"2023-11-10T18:12:14","guid":{"rendered":"http:\/\/977.ablak.arnes.si\/?page_id=377"},"modified":"2024-02-28T09:21:26","modified_gmt":"2024-02-28T08:21:26","slug":"enota-komen","status":"publish","type":"page","link":"https:\/\/vrtec-sezana.si\/?page_id=377","title":{"rendered":"Enota KOMEN"},"content":{"rendered":"\n<div class=\"wp-block-columns is-layout-flex wp-container-9 wp-block-columns-is-layout-flex\">\n<div class=\"wp-block-column is-layout-flow wp-block-column-is-layout-flow\" style=\"flex-basis:66.66%\">\n<div class=\"wp-block-columns is-layout-flex wp-container-2 wp-block-columns-is-layout-flex\">\n<div class=\"wp-block-column is-layout-flow wp-block-column-is-layout-flow\">\n<p><i class=\"fas fa-map-marker-alt\"><\/i> <strong>Komen 61 b, 6223 Komen<\/strong><\/p>\n<\/div>\n<\/div>\n\n\n\n<figure class=\"wp-block-table is-style-regular has-medium-font-size\" style=\"line-height:1\"><table class=\"has-background\" style=\"background-color:#abb7c242\"><thead><tr><th><\/th><th>KOMEN<\/th><\/tr><\/thead><tbody><tr><td>Igralnica 3 <i class=\"fas fa-phone-volume\"><\/i><\/td><td>+386 (0) 31 769 602&nbsp;<\/td><\/tr><tr><td>Igralnica 5<\/td><td>+386 (0) 5 73 18 296<\/td><\/tr><tr><td><i class=\"fas fa-envelope\"><\/i><\/td><td>enota.komen@guest.arnes.si<\/td><\/tr><tr><td><i class=\"fas fa-clock\"><\/i><\/td><td>6:30 do 16:30<\/td><\/tr><\/tbody><\/table><\/figure>\n\n\n\n<div class=\"wp-block-columns is-layout-flex wp-container-6 wp-block-columns-is-layout-flex\">\n<div class=\"wp-block-column is-layout-flow wp-block-column-is-layout-flow\" style=\"flex-basis:66.66%\">\n<p>Vrtec Komen stoji v neposredni bli\u017eini osnovne \u0161ole, nekoliko odmaknjen od naselja Komen, v naravnem okolju, kjer imajo otroci mo\u017enost nenehnega stika tako z naravo kot tudi z okoljem in mo\u017enost spoznavanja le-tega. Septembra 2013 je vrtec do\u017eivel temeljito prenovo in dozidavo prvotne stavbe, v kateri je vrtec deloval vse od leta 1977, ko je bil zgrajen s samoprispevkom ob\u010danov vasi Komen, Div\u010di, Sveto in Preserje. Od tedaj je v vrtcu pet oddelkov \u2013 dva oddelka prvega starostnega obdobja in trije oddelki drugega starostnega obdobja. V neposredni bli\u017eini vrtca so leta 2018 od Ob\u010dine Komen pridobili travnik, na katerem so v sodelovanju s star\u0161i uredili in izdelali naravne koti\u010dke za igro na prostem. Ker se zaposleni v vrtcu zavedajo svoje naloge in pomembnosti vklju\u010devanja v okolje, program bogatijo tako, da vabijo zunanje sodelavce, da predstavijo kraj, \u017eivljenje, poklice \u2026 se povezujejo in sodelujejo prav z vsemi dru\u0161tvi in ustanovami, ki delujejo v njihovi bli\u017eini. \u017delja strokovnih delavk je, da bivanje v vrtcu izpolni pri\u010dakovanja otrok in star\u0161ev ter se vtisne v spomin kot prijetna izku\u0161nja, polna bogatih spominov in za\u010detkov vse\u017eivljenjskega u\u010denja.<\/p>\n\n\n\n<div class=\"wp-block-buttons is-layout-flex wp-block-buttons-is-layout-flex\">\n<div class=\"wp-block-button\"><a class=\"wp-block-button__link wp-element-button\" href=\"http:\/\/977.ablak.arnes.si\/?cat=12\">NOVICE<\/a><\/div>\n<\/div>\n<\/div>\n\n\n\n<div class=\"wp-block-column is-layout-flow wp-block-column-is-layout-flow\" style=\"flex-basis:33.33%\">\n<figure class=\"wp-block-image size-full\"><img decoding=\"async\" loading=\"lazy\" width=\"800\" height=\"600\" src=\"http:\/\/977.ablak.arnes.si\/wp-content\/uploads\/2023\/11\/OpisKomen.jpg\" alt=\"\" class=\"wp-image-525\" srcset=\"https:\/\/vrtec-sezana.si\/wp-content\/uploads\/2023\/11\/OpisKomen.jpg 800w, https:\/\/vrtec-sezana.si\/wp-content\/uploads\/2023\/11\/OpisKomen-300x225.jpg 300w, https:\/\/vrtec-sezana.si\/wp-content\/uploads\/2023\/11\/OpisKomen-768x576.jpg 768w\" sizes=\"(max-width: 800px) 100vw, 800px\" \/><\/figure>\n<\/div>\n<\/div>\n<\/div>\n\n\n\n<div class=\"wp-block-column is-layout-flow wp-block-column-is-layout-flow\" style=\"flex-basis:33.33%\">\n<p>FOTOGALERIJA<\/p>\n\n\n\n<hr class=\"wp-block-separator has-alpha-channel-opacity is-style-wide\"\/>\n\n\n<ul class=\"wp-block-latest-posts__list has-dates wp-block-latest-posts\"><li><div class=\"wp-block-latest-posts__featured-image\"><img loading=\"lazy\" width=\"150\" height=\"150\" src=\"https:\/\/vrtec-sezana.si\/wp-content\/uploads\/2026\/04\/IMG_9944-150x150.jpg\" class=\"attachment-thumbnail size-thumbnail wp-post-image\" alt=\"\" decoding=\"async\" style=\"\" \/><\/div><a class=\"wp-block-latest-posts__post-title\" href=\"https:\/\/vrtec-sezana.si\/?p=35840\">Obisk v Hi\u0161i dobre volje<\/a><time datetime=\"2026-04-26T09:52:01+01:00\" class=\"wp-block-latest-posts__post-date\">26.04.2026<\/time><\/li>\n<li><div class=\"wp-block-latest-posts__featured-image\"><img loading=\"lazy\" width=\"150\" height=\"150\" src=\"https:\/\/vrtec-sezana.si\/wp-content\/uploads\/2026\/04\/20260407_115412-150x150.jpg\" class=\"attachment-thumbnail size-thumbnail wp-post-image\" alt=\"\" decoding=\"async\" style=\"\" \/><\/div><a class=\"wp-block-latest-posts__post-title\" href=\"https:\/\/vrtec-sezana.si\/?p=35674\">POEZIJA SRE\u010cKOTA KOSOVELA\u00a0 V SKUPINI \u010cEBELICE<\/a><time datetime=\"2026-04-22T20:42:25+01:00\" class=\"wp-block-latest-posts__post-date\">22.04.2026<\/time><\/li>\n<li><div class=\"wp-block-latest-posts__featured-image\"><img loading=\"lazy\" width=\"150\" height=\"150\" src=\"https:\/\/vrtec-sezana.si\/wp-content\/uploads\/2026\/03\/naslovnica-1-150x150.png\" class=\"attachment-thumbnail size-thumbnail wp-post-image\" alt=\"\" decoding=\"async\" style=\"\" \/><\/div><a class=\"wp-block-latest-posts__post-title\" href=\"https:\/\/vrtec-sezana.si\/?p=34696\">V duhu Kosovelovega leta<\/a><time datetime=\"2026-03-30T06:23:04+01:00\" class=\"wp-block-latest-posts__post-date\">30.03.2026<\/time><\/li>\n<li><div class=\"wp-block-latest-posts__featured-image\"><img loading=\"lazy\" width=\"150\" height=\"150\" src=\"https:\/\/vrtec-sezana.si\/wp-content\/uploads\/2026\/03\/att.jnMKq8RZ0p0dL0ah3P4ExYSO2eu_k4h3xColoAw9_tQ-150x150.jpg\" class=\"attachment-thumbnail size-thumbnail wp-post-image\" alt=\"\" decoding=\"async\" style=\"\" \/><\/div><a class=\"wp-block-latest-posts__post-title\" href=\"https:\/\/vrtec-sezana.si\/?p=34322\">Obisk re\u0161evalke Tine in re\u0161evalca Kevina<\/a><time datetime=\"2026-03-10T14:00:00+01:00\" class=\"wp-block-latest-posts__post-date\">10.03.2026<\/time><\/li>\n<li><div class=\"wp-block-latest-posts__featured-image\"><img loading=\"lazy\" width=\"150\" height=\"150\" src=\"https:\/\/vrtec-sezana.si\/wp-content\/uploads\/2026\/03\/Kulturni-dogodki-sredi-epidemije-150x150.png\" class=\"attachment-thumbnail size-thumbnail wp-post-image\" alt=\"\" decoding=\"async\" style=\"\" \/><\/div><a class=\"wp-block-latest-posts__post-title\" href=\"https:\/\/vrtec-sezana.si\/?p=34302\">Kulturni dan v Komenskem vrtcu<\/a><time datetime=\"2026-03-10T13:52:54+01:00\" class=\"wp-block-latest-posts__post-date\">10.03.2026<\/time><\/li>\n<\/ul><\/div>\n<\/div>\n\n\n\n<iframe src=\"https:\/\/www.google.com\/maps\/embed?pb=!1m18!1m12!1m3!1d2780.511141691174!2d13.74740427626818!3d45.82104807108196!2m3!1f0!2f0!3f0!3m2!1i1024!2i768!4f13.1!3m3!1m2!1s0x477b1016676d67d1%3A0xfb1e0db28ca02f2!2sKomen%2061b%2C%206223%20Komen!5e0!3m2!1ssl!2ssi!4v1699782638115!5m2!1ssl!2ssi\" width=\"800\" height=\"600\" style=\"border:0;\" allowfullscreen=\"\" loading=\"lazy\" referrerpolicy=\"no-referrer-when-downgrade\"><\/iframe>\n\n\n\n<p><\/p>\n","protected":false},"excerpt":{"rendered":"<p>Komen 61 b, 6223 Komen KOMEN Igralnica 3 +386 (0) 31 769 602&nbsp; Igralnica 5 +386 (0) 5 73 18 296 enota.komen@guest.arnes.si 6:30 do 16:30 Vrtec Komen stoji v neposredni bli\u017eini osnovne \u0161ole, nekoliko odmaknjen od naselja Komen, v naravnem okolju, kjer \u2026 <a href=\"https:\/\/vrtec-sezana.si\/?page_id=377\" rel=\"noopener noreferrer\">Preberi ve\u010d<\/a><\/p>\n","protected":false},"author":1,"featured_media":417,"parent":0,"menu_order":0,"comment_status":"closed","ping_status":"closed","template":"","meta":{"footnotes":""},"_links":{"self":[{"href":"https:\/\/vrtec-sezana.si\/index.php?rest_route=\/wp\/v2\/pages\/377"}],"collection":[{"href":"https:\/\/vrtec-sezana.si\/index.php?rest_route=\/wp\/v2\/pages"}],"about":[{"href":"https:\/\/vrtec-sezana.si\/index.php?rest_route=\/wp\/v2\/types\/page"}],"author":[{"embeddable":true,"href":"https:\/\/vrtec-sezana.si\/index.php?rest_route=\/wp\/v2\/users\/1"}],"replies":[{"embeddable":true,"href":"https:\/\/vrtec-sezana.si\/index.php?rest_route=%2Fwp%2Fv2%2Fcomments&post=377"}],"version-history":[{"count":8,"href":"https:\/\/vrtec-sezana.si\/index.php?rest_route=\/wp\/v2\/pages\/377\/revisions"}],"predecessor-version":[{"id":7837,"href":"https:\/\/vrtec-sezana.si\/index.php?rest_route=\/wp\/v2\/pages\/377\/revisions\/7837"}],"wp:featuredmedia":[{"embeddable":true,"href":"https:\/\/vrtec-sezana.si\/index.php?rest_route=\/wp\/v2\/media\/417"}],"wp:attachment":[{"href":"https:\/\/vrtec-sezana.si\/index.php?rest_route=%2Fwp%2Fv2%2Fmedia&parent=377"}],"curies":[{"name":"wp","href":"https:\/\/api.w.org\/{rel}","templated":true}]}}