{"id":162,"date":"2023-11-06T23:50:33","date_gmt":"2023-11-06T22:50:33","guid":{"rendered":"http:\/\/977.ablak.arnes.si\/?page_id=162"},"modified":"2026-03-26T09:33:44","modified_gmt":"2026-03-26T08:33:44","slug":"kontakti","status":"publish","type":"page","link":"https:\/\/vrtec-sezana.si\/?page_id=162","title":{"rendered":"STIKI Z NAMI"},"content":{"rendered":"\n<div style=\"height:100px\" aria-hidden=\"true\" class=\"wp-block-spacer\"><\/div>\n\n\n\n<h2 class=\"wp-block-heading\">STIKI Z NAMI<\/h2>\n\n\n\n<p><i class=\"fas fa-clock\"><\/i><strong>Poslovni \u010das uprave:   7:00 do 15:00<\/strong><\/p>\n\n\n\n<figure class=\"wp-block-table is-style-stripes has-normal-font-size\"><table><thead><tr><th class=\"has-text-align-left\" data-align=\"left\">Funkcija<\/th><th class=\"has-text-align-left\" data-align=\"left\">Ime in priimek<\/th><th class=\"has-text-align-left\" data-align=\"left\"><i class=\"fas fa-phone-volume\"><\/i>  Telefon<\/th><th class=\"has-text-align-left\" data-align=\"left\"><i class=\"fas fa-envelope\"><\/i>  E-po\u0161ta<\/th><\/tr><\/thead><tbody><tr><td class=\"has-text-align-left\" data-align=\"left\">Ravnateljica vrtca:<\/td><td class=\"has-text-align-left\" data-align=\"left\">Teja \u010ceh Svetina<\/td><td class=\"has-text-align-left\" data-align=\"left\">+386 5 73 10 222<\/td><td class=\"has-text-align-left\" data-align=\"left\">vrtec.sezana@guest.arnes.si<\/td><\/tr><tr><td class=\"has-text-align-left\" data-align=\"left\">Pomo\u010dnice ravnateljice:<\/td><td class=\"has-text-align-left\" data-align=\"left\">Melita \u0160vagelj<\/td><td class=\"has-text-align-left\" data-align=\"left\">+386 5 73 10 231<br>+386 41 721 208<\/td><td class=\"has-text-align-left\" data-align=\"left\">&nbsp;melita.svagelj@guest.arnes.si<\/td><\/tr><tr><td class=\"has-text-align-left\" data-align=\"left\"><\/td><td class=\"has-text-align-left\" data-align=\"left\">Jana \u0160tok Pavlin<\/td><td class=\"has-text-align-left\" data-align=\"left\">+386 41 302 139<\/td><td class=\"has-text-align-left\" data-align=\"left\">&nbsp;jana.stok-pavlin@guest.arnes.si<\/td><\/tr><tr><td class=\"has-text-align-left\" data-align=\"left\"><\/td><td class=\"has-text-align-left\" data-align=\"left\">Marjeta \u0160krlj<\/td><td class=\"has-text-align-left\" data-align=\"left\">+386 51 369 085<\/td><td class=\"has-text-align-left\" data-align=\"left\">&nbsp;marjeta.skrlj1@guest.arnes.si<\/td><\/tr><tr><td class=\"has-text-align-left\" data-align=\"left\"><\/td><td class=\"has-text-align-left\" data-align=\"left\"><\/td><td class=\"has-text-align-left\" data-align=\"left\"><\/td><td class=\"has-text-align-left\" data-align=\"left\"><\/td><\/tr><tr><td class=\"has-text-align-left\" data-align=\"left\">Tajni\u0161tvo:<\/td><td class=\"has-text-align-left\" data-align=\"left\">Maja Padjen<\/td><td class=\"has-text-align-left\" data-align=\"left\">obra\u010dun oskrbnin, vpis\/izpis otrok, splo\u0161ne zadeve<br>+386 5 73 10 220<\/td><td class=\"has-text-align-left\" data-align=\"left\">vrtec.sezana@guest.arnes.si<br>maja.padjen@vrtec-sezana.si<\/td><\/tr><tr><td class=\"has-text-align-left\" data-align=\"left\"><\/td><td class=\"has-text-align-left\" data-align=\"left\">Suzana Orel<\/td><td class=\"has-text-align-left\" data-align=\"left\">administrativna dela<br>+386 5 73 10 227<\/td><td class=\"has-text-align-left\" data-align=\"left\">suzana.orel@guest.arnes.si<\/td><\/tr><tr><td class=\"has-text-align-left\" data-align=\"left\"><\/td><td class=\"has-text-align-left\" data-align=\"left\"><\/td><td class=\"has-text-align-left\" data-align=\"left\"><\/td><td class=\"has-text-align-left\" data-align=\"left\"><\/td><\/tr><tr><td class=\"has-text-align-left\" data-align=\"left\">Ra\u010dunovodstvo:<\/td><td class=\"has-text-align-left\" data-align=\"left\"><\/td><td class=\"has-text-align-left\" data-align=\"left\"><\/td><td class=\"has-text-align-left\" data-align=\"left\"><\/td><\/tr><tr><td class=\"has-text-align-left\" data-align=\"left\"><\/td><td class=\"has-text-align-left\" data-align=\"left\">Nadja Zgonik<\/td><td class=\"has-text-align-left\" data-align=\"left\">+386 5 73 10 228<\/td><td class=\"has-text-align-left\" data-align=\"left\">racuno.vrtsezana@guest.arnes.si<br>nadja.zgonik2@guest.arnes.si<\/td><\/tr><tr><td class=\"has-text-align-left\" data-align=\"left\"><\/td><td class=\"has-text-align-left\" data-align=\"left\">Sonja Furlan \u0160trancar<\/td><td class=\"has-text-align-left\" data-align=\"left\">+386 5 73 10 228<\/td><td class=\"has-text-align-left\" data-align=\"left\">racuno.vrtsezana@guest.arnes.si<br>sonja.furlan-strancar@vrtec-sezana.si<\/td><\/tr><tr><td class=\"has-text-align-left\" data-align=\"left\"><\/td><td class=\"has-text-align-left\" data-align=\"left\">Alenka \u010cerne<\/td><td class=\"has-text-align-left\" data-align=\"left\">obra\u010dun pla\u010d, kadrovska slu\u017eba<br>+386 41 302 131<\/td><td class=\"has-text-align-left\" data-align=\"left\">alenka.cerne1@guest.arnes.si<\/td><\/tr><tr><td class=\"has-text-align-left\" data-align=\"left\"><\/td><td class=\"has-text-align-left\" data-align=\"left\">Martina Kampu\u0161<\/td><td class=\"has-text-align-left\" data-align=\"left\">terjatve, izvr\u0161be, javna naro\u010dila<br>+386 5 73 10 221<\/td><td class=\"has-text-align-left\" data-align=\"left\">martina.kampus@guest.arnes.si<\/td><\/tr><tr><td class=\"has-text-align-left\" data-align=\"left\"><\/td><td class=\"has-text-align-left\" data-align=\"left\"><\/td><td class=\"has-text-align-left\" data-align=\"left\"><\/td><td class=\"has-text-align-left\" data-align=\"left\"><\/td><\/tr><tr><td class=\"has-text-align-left\" data-align=\"left\">Svetovalne delavke:<\/td><td class=\"has-text-align-left\" data-align=\"left\">Lucija Gerdevi\u010d<\/td><td class=\"has-text-align-left\" data-align=\"left\">+386 41 493 648<\/td><td class=\"has-text-align-left\" data-align=\"left\">lucija.gerdevic@guest.arnes.si<\/td><\/tr><tr><td class=\"has-text-align-left\" data-align=\"left\"><\/td><td class=\"has-text-align-left\" data-align=\"left\">Tijana Zlobec<\/td><td class=\"has-text-align-left\" data-align=\"left\">+386 51 215 641<\/td><td class=\"has-text-align-left\" data-align=\"left\">tijana.zlobec1@guest.arnes.si<\/td><\/tr><tr><td class=\"has-text-align-left\" data-align=\"left\"><\/td><td class=\"has-text-align-left\" data-align=\"left\"><\/td><td class=\"has-text-align-left\" data-align=\"left\"><\/td><td class=\"has-text-align-left\" data-align=\"left\"><\/td><\/tr><tr><td class=\"has-text-align-left\" data-align=\"left\"><\/td><td class=\"has-text-align-left\" data-align=\"left\"><\/td><td class=\"has-text-align-left\" data-align=\"left\"><\/td><td class=\"has-text-align-left\" data-align=\"left\"><\/td><\/tr><tr><td class=\"has-text-align-left\" data-align=\"left\">Izvajalka dodatne strokovne pomo\u010di:<\/td><td class=\"has-text-align-left\" data-align=\"left\">Tina Godina Babuder<\/td><td class=\"has-text-align-left\" data-align=\"left\">+386 41 474 140<\/td><td class=\"has-text-align-left\" data-align=\"left\">tina.godina-babuder@guest.arnes.si<\/td><\/tr><tr><td class=\"has-text-align-left\" data-align=\"left\"><\/td><td class=\"has-text-align-left\" data-align=\"left\"><\/td><td class=\"has-text-align-left\" data-align=\"left\"><\/td><td class=\"has-text-align-left\" data-align=\"left\"><\/td><\/tr><tr><td class=\"has-text-align-left\" data-align=\"left\">Organizator prehrane: <\/td><td class=\"has-text-align-left\" data-align=\"left\">Irena Vi\u0161njevec<\/td><td class=\"has-text-align-left\" data-align=\"left\">+386 51 247 627 <\/td><td class=\"has-text-align-left\" data-align=\"left\"><a href=\"mailto:irena.visnjevec@vrtec-sezana.si\">irena.visnjevec@vrtec-sezana.si<\/a><\/td><\/tr><tr><td class=\"has-text-align-left\" data-align=\"left\">Organizator zdravstveno higienskega re\u017eima:<\/td><td class=\"has-text-align-left\" data-align=\"left\">Zlata Hervol<\/td><td class=\"has-text-align-left\" data-align=\"left\">+386 41 675 867<\/td><td class=\"has-text-align-left\" data-align=\"left\">zlata.hervol@guest.arnes.si<\/td><\/tr><tr><td class=\"has-text-align-left\" data-align=\"left\"><\/td><td class=\"has-text-align-left\" data-align=\"left\"><\/td><td class=\"has-text-align-left\" data-align=\"left\"><\/td><td class=\"has-text-align-left\" data-align=\"left\"><\/td><\/tr><tr><td class=\"has-text-align-left\" data-align=\"left\">Kuhinja:<\/td><td class=\"has-text-align-left\" data-align=\"left\">Glavni kuhar: <br>Bojana Furlan<\/td><td class=\"has-text-align-left\" data-align=\"left\">+386 5 7310 235<br>+386 5 73 10 234<\/td><td class=\"has-text-align-left\" data-align=\"left\">kuhinja.lehte@guest.arnes.si<\/td><\/tr><\/tbody><\/table><\/figure>\n\n\n\n<p><\/p>\n\n\n\n<p>*Vsi kontakti enot Vrtca Se\u017eana (telefonska \u0161tevilka, naslov, zemljevid, ime kontaktne osebe enote, \u2026)najdete na naslovni strani Vrtca Se\u017eana &#8211; enote.<\/p>\n","protected":false},"excerpt":{"rendered":"<p>STIKI Z NAMI Poslovni \u010das uprave: 7:00 do 15:00 Funkcija Ime in priimek Telefon E-po\u0161ta Ravnateljica vrtca: Teja \u010ceh Svetina +386 5 73 10 222 vrtec.sezana@guest.arnes.si Pomo\u010dnice ravnateljice: Melita \u0160vagelj +386 5 73 10 231+386 41 721 208 &nbsp;melita.svagelj@guest.arnes.si Jana \u0160tok Pavlin&#8230;<\/p>\n","protected":false},"author":1,"featured_media":0,"parent":0,"menu_order":0,"comment_status":"closed","ping_status":"closed","template":"","meta":{"footnotes":""},"_links":{"self":[{"href":"https:\/\/vrtec-sezana.si\/index.php?rest_route=\/wp\/v2\/pages\/162"}],"collection":[{"href":"https:\/\/vrtec-sezana.si\/index.php?rest_route=\/wp\/v2\/pages"}],"about":[{"href":"https:\/\/vrtec-sezana.si\/index.php?rest_route=\/wp\/v2\/types\/page"}],"author":[{"embeddable":true,"href":"https:\/\/vrtec-sezana.si\/index.php?rest_route=\/wp\/v2\/users\/1"}],"replies":[{"embeddable":true,"href":"https:\/\/vrtec-sezana.si\/index.php?rest_route=%2Fwp%2Fv2%2Fcomments&post=162"}],"version-history":[{"count":37,"href":"https:\/\/vrtec-sezana.si\/index.php?rest_route=\/wp\/v2\/pages\/162\/revisions"}],"predecessor-version":[{"id":34633,"href":"https:\/\/vrtec-sezana.si\/index.php?rest_route=\/wp\/v2\/pages\/162\/revisions\/34633"}],"wp:attachment":[{"href":"https:\/\/vrtec-sezana.si\/index.php?rest_route=%2Fwp%2Fv2%2Fmedia&parent=162"}],"curies":[{"name":"wp","href":"https:\/\/api.w.org\/{rel}","templated":true}]}}